{"id":20217,"date":"2025-09-08T15:50:48","date_gmt":"2025-09-08T13:50:48","guid":{"rendered":"https:\/\/feral.law\/?post_type=publication&#038;p=20217"},"modified":"2026-03-04T15:34:31","modified_gmt":"2026-03-04T14:34:31","slug":"procedure-de-sanction-la-cnil-doit-informer-les-entites-controlees-de-leur-droit-de-garder-le-silence","status":"publish","type":"publication","link":"https:\/\/feral.law\/en\/publications\/procedure-de-sanction-la-cnil-doit-informer-les-entites-controlees-de-leur-droit-de-garder-le-silence\/","title":{"rendered":"Proc\u00e9dure de sanction : la CNIL doit informer les entit\u00e9s contr\u00f4l\u00e9es de leur droit de garder le silence"},"content":{"rendered":"\n<p><strong><em>Le 8 ao\u00fbt 2025, le Conseil constitutionnel a jug\u00e9 que le droit des justiciables \u00e0 ne pas s\u2019auto-incriminer s\u2019appliquait \u00e9galement aux proc\u00e9dures de sanction administrative conduites par les autorit\u00e9s administratives ind\u00e9pendantes, telles que la CNIL.<\/em><\/strong><\/p>\n\n\n\n<p>Deux soci\u00e9t\u00e9s proposant des services de voyance en ligne avaient \u00e9t\u00e9 sanctionn\u00e9es par la Commission Nationale de l&#8217;Informatique et des Libert\u00e9s (CNIL), pour de graves manquements au&nbsp;<a href=\"https:\/\/feral.law\/expertises\/rgpd-data-privacy\/\">RGPD<\/a><sup><a href=\"#20250908nbp1\">[1]<\/a><\/sup>.&nbsp;<\/p>\n\n\n\n<p>Dans le cadre d\u2019un recours form\u00e9 devant le Conseil d\u2019\u00c9tat contre ces d\u00e9lib\u00e9rations, les soci\u00e9t\u00e9s sanctionn\u00e9es ont soulev\u00e9 une question prioritaire de constitutionnalit\u00e9 (QPC<sup><a href=\"#20250908nbp2\">[2]<\/a><\/sup>). Elles contestaient la conformit\u00e9 \u00e0 la Constitution de l\u2019article 22 de la Loi Informatique et Libert\u00e9s<sup><a href=\"#20250908nbp3\">[3]<\/a><\/sup>, au motif qu\u2019il ne pr\u00e9voit pas l\u2019obligation, pour la CNIL, d\u2019informer les personnes contr\u00f4l\u00e9es de leur droit de se taire afin de ne pas contribuer \u00e0 leur propre incrimination.&nbsp;<\/p>\n\n\n\n<p>La d\u00e9cision du Conseil constitutionnel du 8 ao\u00fbt 2025 apporte une r\u00e9ponse \u00e0 cette QPC, qui lui avait \u00e9t\u00e9 transmise par le Conseil d\u2019\u00c9tat apr\u00e8s avoir franchi son filtre de recevabilit\u00e9.<\/p>\n\n\n\n<h3 class=\"wp-block-heading\">Les personnes vis\u00e9es par une proc\u00e9dure de sanction administrative disposent du droit de ne pas s\u2019auto-incriminer<\/h3>\n\n\n\n<p>L\u2019<a href=\"https:\/\/www.legifrance.gouv.fr\/loda\/article_lc\/LEGIARTI000049578561\">article 22<\/a>&nbsp;de la Loi Informatique et Libert\u00e9s conf\u00e8re \u00e0 la CNIL le pouvoir de prononcer des sanctions, telles que des amendes administratives, \u00e0 l\u2019encontre des responsables de traitement ou de leurs sous-traitants en cas de manquement aux r\u00e8gles applicables en mati\u00e8re de protection des donn\u00e9es, notamment celles pr\u00e9vues par le RGPD.<\/p>\n\n\n\n<p>Dans le cadre de cette proc\u00e9dure, la personne mise en cause peut pr\u00e9senter des observations \u00e9crites ou \u00eatre entendue. Toutefois, la r\u00e9daction actuelle de l\u2019article ne pr\u00e9voit pas l\u2019obligation de lui notifier son droit de garder le silence.<\/p>\n\n\n\n<p>Le droit de garder le silence ou le droit de ne pas s\u2019auto-incriminer constitue un droit fondamental garanti par la D\u00e9claration des droits de l&#8217;homme et du citoyen de 1789<sup><a href=\"#20250908nbp4\">[4]<\/a><\/sup>. Dans sa d\u00e9cision, le Conseil constitutionnel a jug\u00e9 que ce droit s\u2019applique non seulement aux peines prononc\u00e9es par les juridictions r\u00e9pressives, mais \u00e9galement \u00e0 toute sanction ayant le caract\u00e8re d\u2019une punition.<\/p>\n\n\n\n<p>En cons\u00e9quence, le Conseil constitutionnel a consacr\u00e9 l\u2019obligation, pour les autorit\u00e9s administratives pouvant prononcer des sanctions administratives telles que la CNIL, de notifier aux personnes mises en cause dans le cadre de proc\u00e9dures de sanctions leur droit de garder le silence.<\/p>\n\n\n\n<h3 class=\"wp-block-heading\">Ce que change cette d\u00e9cision<\/h3>\n\n\n\n<p>Dans un souci&nbsp;de&nbsp;s\u00e9curit\u00e9 juridique, le Conseil constitutionnel a report\u00e9 au 1<sup>er<\/sup>&nbsp;octobre 2026 l\u2019abrogation de l\u2019article 22 de la Loi Informatique et Libert\u00e9. Les sanctions prononc\u00e9es par la CNIL avant la d\u00e9cision ne pourront donc pas \u00eatre contest\u00e9es sur ce fondement.<\/p>\n\n\n\n<p>Le Conseil constitutionnel a cependant jug\u00e9 que la CNIL devait d\u00e8s \u00e0 pr\u00e9sent, et sans attendre la nouvelle version de l\u2019article litigieux, informer les personnes mises en cause de leur droit de garder le silence.<\/p>\n\n\n\n<p>Cette reconnaissance du droit de ne pas s\u2019auto-incriminer n\u2019exon\u00e8re toutefois pas les responsables de traitement ou leurs sous-traitants de leur obligation g\u00e9n\u00e9rale de coop\u00e9rer avec la CNIL lors des contr\u00f4les<sup><a href=\"#20250908nbp5\">[5]<\/a><\/sup>, d\u2019autant plus que le degr\u00e9 de coop\u00e9ration est un \u00e9l\u00e9ment pris en compte dans l\u2019\u00e9valuation du montant de l\u2019amende.<\/p>\n\n\n\n<p>Cette d\u00e9cision s\u2019inscrit dans un mouvement jurisprudentiel plus large : par le pass\u00e9, le Conseil d\u2019\u00c9tat avait impos\u00e9 que les praticiens poursuivis disciplinairement (m\u00e9decins<sup><a href=\"#20250908nbp6\">[6]<\/a><\/sup>, v\u00e9t\u00e9rinaires<sup><a href=\"#20250908nbp7\">[7]<\/a><\/sup>\u2026) soient express\u00e9ment inform\u00e9s de leur droit de garder le silence.<\/p>\n\n\n\n<p>Lire la d\u00e9cision du Conseil constitutionnel n\u00b0&nbsp;<a href=\"https:\/\/www.legifrance.gouv.fr\/jorf\/id\/JORFTEXT000052066805\">2025-1154<\/a><\/p>\n\n\n\n<p><\/p>\n\n\n\n<hr class=\"wp-block-separator has-alpha-channel-opacity\" \/>\n\n\n\n<p><\/p>\n\n\n\n<p id=\"20250908nbp1\"><sup>[1]<\/sup>&nbsp;R\u00e8glement (UE)&nbsp;<a href=\"https:\/\/eur-lex.europa.eu\/eli\/reg\/2016\/679\/oj?locale=fr\">2016\/679<\/a>&nbsp;du Parlement europ\u00e9en et du Conseil du 27 avril 2016 relatif \u00e0 la protection des personnes physiques \u00e0 l&#8217;\u00e9gard du traitement des donn\u00e9es \u00e0 caract\u00e8re personnel et \u00e0 la libre circulation de ces donn\u00e9es, dit \u00ab&nbsp;RGPD&nbsp;\u00bb, abrogeant la directive 95\/46\/CE<\/p>\n\n\n\n<p id=\"20250908nbp2\"><sup>[2]<\/sup>&nbsp;La question prioritaire de Constitutionnalit\u00e9 (QPC) est un droit reconnu \u00e0 toute partie \u00e0 un proc\u00e8s de soutenir qu&#8217;une disposition l\u00e9gislative est contraire aux droits et libert\u00e9s que la Constitution garantit.<\/p>\n\n\n\n<p id=\"20250908nbp3\"><sup>[3]<\/sup>&nbsp;Loi&nbsp;<a href=\"https:\/\/www.legifrance.gouv.fr\/loda\/id\/JORFTEXT000000886460\/#:~:text=Elle%20encourage%20l'%C3%A9laboration%20de,personnes%20physiques%2C%20notamment%20des%20mineurs.\">n\u00b0 78-17<\/a>&nbsp;du 6 janvier 1978 relative \u00e0 l\u2019informatique, aux fichiers et aux libert\u00e9s.<\/p>\n\n\n\n<p id=\"20250908nbp4\"><sup>[4]<\/sup>&nbsp;L\u2019article 9&nbsp;de la D\u00e9claration des droits de l&#8217;homme et du citoyen de 1789 dispose que \u00ab&nbsp;Tout homme \u00e9tant pr\u00e9sum\u00e9 innocent jusqu&#8217;\u00e0 ce qu&#8217;il ait \u00e9t\u00e9 d\u00e9clar\u00e9 coupable, s&#8217;il est jug\u00e9 indispensable de l&#8217;arr\u00eater, toute rigueur qui ne serait pas n\u00e9cessaire pour s&#8217;assurer de sa personne doit \u00eatre s\u00e9v\u00e8rement r\u00e9prim\u00e9e par la loi&nbsp;\u00bb.<\/p>\n\n\n\n<p id=\"20250908nbp5\"><sup>[5]<\/sup>&nbsp;<a href=\"https:\/\/eur-lex.europa.eu\/legal-content\/FR\/TXT\/HTML\/?uri=CELEX:32016R0679#art_31\">Article 31<\/a>&nbsp;du RGPD et&nbsp;<a href=\"https:\/\/www.legifrance.gouv.fr\/loda\/article_lc\/LEGIARTI000051830334\">18<\/a>&nbsp;de la Loi Informatique et Libert\u00e9s<\/p>\n\n\n\n<p id=\"20250908nbp6\"><sup>[6]<\/sup>&nbsp;Conseil d\u2019\u00c9tat, 25 f\u00e9vrier 2025, n\u00b0&nbsp;<a href=\"https:\/\/www.legifrance.gouv.fr\/juri\/id\/CETATEXT000051253089\">491214<\/a><\/p>\n\n\n\n<p id=\"20250908nbp8\"><sup>[7]<\/sup>&nbsp;Conseil d\u2019\u00c9tat, 19 d\u00e9cembre 2024, n\u00b0&nbsp;<a href=\"https:\/\/www.legifrance.gouv.fr\/ceta\/id\/CETATEXT000050803826\">490952<\/a><\/p>\n","protected":false},"featured_media":20218,"menu_order":2,"template":"","expertises2":[6710],"class_list":["post-20217","publication","type-publication","status-publish","has-post-thumbnail","hentry","expertises2-rgpd-data-privacy"],"yoast_head":"<!-- This site is optimized with the Yoast SEO plugin v27.4 - https:\/\/yoast.com\/product\/yoast-seo-wordpress\/ -->\n<title>CNIL et sanctions : l\u2019obligation de notifier le droit au silence<\/title>\n<meta name=\"description\" content=\"La CNIL doit informer les entit\u00e9s contr\u00f4l\u00e9es de leur droit de ne pas s\u2019auto-incriminer lors de ses proc\u00e9dures de sanction.\" \/>\n<meta name=\"robots\" content=\"index, follow, max-snippet:-1, max-image-preview:large, max-video-preview:-1\" \/>\n<link rel=\"canonical\" href=\"https:\/\/feral.law\/en\/publications\/procedure-de-sanction-la-cnil-doit-informer-les-entites-controlees-de-leur-droit-de-garder-le-silence\/\" \/>\n<meta property=\"og:locale\" content=\"en_US\" \/>\n<meta property=\"og:type\" content=\"article\" \/>\n<meta property=\"og:title\" content=\"CNIL et sanctions : l\u2019obligation de notifier le droit au silence\" \/>\n<meta property=\"og:description\" content=\"La CNIL doit informer les entit\u00e9s contr\u00f4l\u00e9es de leur droit de ne pas s\u2019auto-incriminer lors de ses proc\u00e9dures de sanction.\" \/>\n<meta property=\"og:url\" content=\"https:\/\/feral.law\/en\/publications\/procedure-de-sanction-la-cnil-doit-informer-les-entites-controlees-de-leur-droit-de-garder-le-silence\/\" \/>\n<meta property=\"og:site_name\" content=\"F\u00e9ral\" \/>\n<meta property=\"article:modified_time\" content=\"2026-03-04T14:34:31+00:00\" \/>\n<meta property=\"og:image\" content=\"https:\/\/feral.law\/wp-content\/uploads\/2025\/09\/shutterstock_2418458423-scaled.jpg\" \/>\n\t<meta property=\"og:image:width\" content=\"2560\" \/>\n\t<meta property=\"og:image:height\" content=\"1707\" \/>\n\t<meta property=\"og:image:type\" content=\"image\/jpeg\" \/>\n<meta name=\"twitter:card\" content=\"summary_large_image\" \/>\n<meta name=\"twitter:label1\" content=\"Est. reading time\" \/>\n\t<meta name=\"twitter:data1\" content=\"4 minutes\" \/>\n<script type=\"application\/ld+json\" class=\"yoast-schema-graph\">{\"@context\":\"https:\\\/\\\/schema.org\",\"@graph\":[{\"@type\":\"WebPage\",\"@id\":\"https:\\\/\\\/feral.law\\\/en\\\/publications\\\/procedure-de-sanction-la-cnil-doit-informer-les-entites-controlees-de-leur-droit-de-garder-le-silence\\\/\",\"url\":\"https:\\\/\\\/feral.law\\\/en\\\/publications\\\/procedure-de-sanction-la-cnil-doit-informer-les-entites-controlees-de-leur-droit-de-garder-le-silence\\\/\",\"name\":\"CNIL et sanctions : l\u2019obligation de notifier le droit au silence\",\"isPartOf\":{\"@id\":\"https:\\\/\\\/feral.law\\\/en\\\/#website\"},\"primaryImageOfPage\":{\"@id\":\"https:\\\/\\\/feral.law\\\/en\\\/publications\\\/procedure-de-sanction-la-cnil-doit-informer-les-entites-controlees-de-leur-droit-de-garder-le-silence\\\/#primaryimage\"},\"image\":{\"@id\":\"https:\\\/\\\/feral.law\\\/en\\\/publications\\\/procedure-de-sanction-la-cnil-doit-informer-les-entites-controlees-de-leur-droit-de-garder-le-silence\\\/#primaryimage\"},\"thumbnailUrl\":\"https:\\\/\\\/feral.law\\\/wp-content\\\/uploads\\\/2025\\\/09\\\/shutterstock_2418458423-scaled.jpg\",\"datePublished\":\"2025-09-08T13:50:48+00:00\",\"dateModified\":\"2026-03-04T14:34:31+00:00\",\"description\":\"La CNIL doit informer les entit\u00e9s contr\u00f4l\u00e9es de leur droit de ne pas s\u2019auto-incriminer lors de ses proc\u00e9dures de sanction.\",\"breadcrumb\":{\"@id\":\"https:\\\/\\\/feral.law\\\/en\\\/publications\\\/procedure-de-sanction-la-cnil-doit-informer-les-entites-controlees-de-leur-droit-de-garder-le-silence\\\/#breadcrumb\"},\"inLanguage\":\"en-US\",\"potentialAction\":[{\"@type\":\"ReadAction\",\"target\":[\"https:\\\/\\\/feral.law\\\/en\\\/publications\\\/procedure-de-sanction-la-cnil-doit-informer-les-entites-controlees-de-leur-droit-de-garder-le-silence\\\/\"]}]},{\"@type\":\"ImageObject\",\"inLanguage\":\"en-US\",\"@id\":\"https:\\\/\\\/feral.law\\\/en\\\/publications\\\/procedure-de-sanction-la-cnil-doit-informer-les-entites-controlees-de-leur-droit-de-garder-le-silence\\\/#primaryimage\",\"url\":\"https:\\\/\\\/feral.law\\\/wp-content\\\/uploads\\\/2025\\\/09\\\/shutterstock_2418458423-scaled.jpg\",\"contentUrl\":\"https:\\\/\\\/feral.law\\\/wp-content\\\/uploads\\\/2025\\\/09\\\/shutterstock_2418458423-scaled.jpg\",\"width\":2560,\"height\":1707},{\"@type\":\"BreadcrumbList\",\"@id\":\"https:\\\/\\\/feral.law\\\/en\\\/publications\\\/procedure-de-sanction-la-cnil-doit-informer-les-entites-controlees-de-leur-droit-de-garder-le-silence\\\/#breadcrumb\",\"itemListElement\":[{\"@type\":\"ListItem\",\"position\":1,\"name\":\"Accueil\",\"item\":\"https:\\\/\\\/feral.law\\\/en\\\/\"},{\"@type\":\"ListItem\",\"position\":2,\"name\":\"Proc\u00e9dure de sanction : la CNIL doit informer les entit\u00e9s contr\u00f4l\u00e9es de leur droit de garder le silence\"}]},{\"@type\":\"WebSite\",\"@id\":\"https:\\\/\\\/feral.law\\\/en\\\/#website\",\"url\":\"https:\\\/\\\/feral.law\\\/en\\\/\",\"name\":\"F\u00e9ral\",\"description\":\"Des avocats, des solutions, des r\u00e9sultats.\",\"publisher\":{\"@id\":\"https:\\\/\\\/feral.law\\\/en\\\/#organization\"},\"potentialAction\":[{\"@type\":\"SearchAction\",\"target\":{\"@type\":\"EntryPoint\",\"urlTemplate\":\"https:\\\/\\\/feral.law\\\/en\\\/?s={search_term_string}\"},\"query-input\":{\"@type\":\"PropertyValueSpecification\",\"valueRequired\":true,\"valueName\":\"search_term_string\"}}],\"inLanguage\":\"en-US\"},{\"@type\":\"Organization\",\"@id\":\"https:\\\/\\\/feral.law\\\/en\\\/#organization\",\"name\":\"F\u00e9ral\",\"url\":\"https:\\\/\\\/feral.law\\\/en\\\/\",\"logo\":{\"@type\":\"ImageObject\",\"inLanguage\":\"en-US\",\"@id\":\"https:\\\/\\\/feral.law\\\/en\\\/#\\\/schema\\\/logo\\\/image\\\/\",\"url\":\"https:\\\/\\\/feral.law\\\/wp-content\\\/uploads\\\/2022\\\/01\\\/logo2.svg\",\"contentUrl\":\"https:\\\/\\\/feral.law\\\/wp-content\\\/uploads\\\/2022\\\/01\\\/logo2.svg\",\"width\":192,\"height\":48,\"caption\":\"F\u00e9ral\"},\"image\":{\"@id\":\"https:\\\/\\\/feral.law\\\/en\\\/#\\\/schema\\\/logo\\\/image\\\/\"}}]}<\/script>\n<!-- \/ Yoast SEO plugin. -->","yoast_head_json":{"title":"CNIL et sanctions : l\u2019obligation de notifier le droit au silence","description":"La CNIL doit informer les entit\u00e9s contr\u00f4l\u00e9es de leur droit de ne pas s\u2019auto-incriminer lors de ses proc\u00e9dures de sanction.","robots":{"index":"index","follow":"follow","max-snippet":"max-snippet:-1","max-image-preview":"max-image-preview:large","max-video-preview":"max-video-preview:-1"},"canonical":"https:\/\/feral.law\/en\/publications\/procedure-de-sanction-la-cnil-doit-informer-les-entites-controlees-de-leur-droit-de-garder-le-silence\/","og_locale":"en_US","og_type":"article","og_title":"CNIL et sanctions : l\u2019obligation de notifier le droit au silence","og_description":"La CNIL doit informer les entit\u00e9s contr\u00f4l\u00e9es de leur droit de ne pas s\u2019auto-incriminer lors de ses proc\u00e9dures de sanction.","og_url":"https:\/\/feral.law\/en\/publications\/procedure-de-sanction-la-cnil-doit-informer-les-entites-controlees-de-leur-droit-de-garder-le-silence\/","og_site_name":"F\u00e9ral","article_modified_time":"2026-03-04T14:34:31+00:00","og_image":[{"width":2560,"height":1707,"url":"https:\/\/feral.law\/wp-content\/uploads\/2025\/09\/shutterstock_2418458423-scaled.jpg","type":"image\/jpeg"}],"twitter_card":"summary_large_image","twitter_misc":{"Est. reading time":"4 minutes"},"schema":{"@context":"https:\/\/schema.org","@graph":[{"@type":"WebPage","@id":"https:\/\/feral.law\/en\/publications\/procedure-de-sanction-la-cnil-doit-informer-les-entites-controlees-de-leur-droit-de-garder-le-silence\/","url":"https:\/\/feral.law\/en\/publications\/procedure-de-sanction-la-cnil-doit-informer-les-entites-controlees-de-leur-droit-de-garder-le-silence\/","name":"CNIL et sanctions : l\u2019obligation de notifier le droit au silence","isPartOf":{"@id":"https:\/\/feral.law\/en\/#website"},"primaryImageOfPage":{"@id":"https:\/\/feral.law\/en\/publications\/procedure-de-sanction-la-cnil-doit-informer-les-entites-controlees-de-leur-droit-de-garder-le-silence\/#primaryimage"},"image":{"@id":"https:\/\/feral.law\/en\/publications\/procedure-de-sanction-la-cnil-doit-informer-les-entites-controlees-de-leur-droit-de-garder-le-silence\/#primaryimage"},"thumbnailUrl":"https:\/\/feral.law\/wp-content\/uploads\/2025\/09\/shutterstock_2418458423-scaled.jpg","datePublished":"2025-09-08T13:50:48+00:00","dateModified":"2026-03-04T14:34:31+00:00","description":"La CNIL doit informer les entit\u00e9s contr\u00f4l\u00e9es de leur droit de ne pas s\u2019auto-incriminer lors de ses proc\u00e9dures de sanction.","breadcrumb":{"@id":"https:\/\/feral.law\/en\/publications\/procedure-de-sanction-la-cnil-doit-informer-les-entites-controlees-de-leur-droit-de-garder-le-silence\/#breadcrumb"},"inLanguage":"en-US","potentialAction":[{"@type":"ReadAction","target":["https:\/\/feral.law\/en\/publications\/procedure-de-sanction-la-cnil-doit-informer-les-entites-controlees-de-leur-droit-de-garder-le-silence\/"]}]},{"@type":"ImageObject","inLanguage":"en-US","@id":"https:\/\/feral.law\/en\/publications\/procedure-de-sanction-la-cnil-doit-informer-les-entites-controlees-de-leur-droit-de-garder-le-silence\/#primaryimage","url":"https:\/\/feral.law\/wp-content\/uploads\/2025\/09\/shutterstock_2418458423-scaled.jpg","contentUrl":"https:\/\/feral.law\/wp-content\/uploads\/2025\/09\/shutterstock_2418458423-scaled.jpg","width":2560,"height":1707},{"@type":"BreadcrumbList","@id":"https:\/\/feral.law\/en\/publications\/procedure-de-sanction-la-cnil-doit-informer-les-entites-controlees-de-leur-droit-de-garder-le-silence\/#breadcrumb","itemListElement":[{"@type":"ListItem","position":1,"name":"Accueil","item":"https:\/\/feral.law\/en\/"},{"@type":"ListItem","position":2,"name":"Proc\u00e9dure de sanction : la CNIL doit informer les entit\u00e9s contr\u00f4l\u00e9es de leur droit de garder le silence"}]},{"@type":"WebSite","@id":"https:\/\/feral.law\/en\/#website","url":"https:\/\/feral.law\/en\/","name":"F\u00e9ral","description":"Des avocats, des solutions, des r\u00e9sultats.","publisher":{"@id":"https:\/\/feral.law\/en\/#organization"},"potentialAction":[{"@type":"SearchAction","target":{"@type":"EntryPoint","urlTemplate":"https:\/\/feral.law\/en\/?s={search_term_string}"},"query-input":{"@type":"PropertyValueSpecification","valueRequired":true,"valueName":"search_term_string"}}],"inLanguage":"en-US"},{"@type":"Organization","@id":"https:\/\/feral.law\/en\/#organization","name":"F\u00e9ral","url":"https:\/\/feral.law\/en\/","logo":{"@type":"ImageObject","inLanguage":"en-US","@id":"https:\/\/feral.law\/en\/#\/schema\/logo\/image\/","url":"https:\/\/feral.law\/wp-content\/uploads\/2022\/01\/logo2.svg","contentUrl":"https:\/\/feral.law\/wp-content\/uploads\/2022\/01\/logo2.svg","width":192,"height":48,"caption":"F\u00e9ral"},"image":{"@id":"https:\/\/feral.law\/en\/#\/schema\/logo\/image\/"}}]}},"_links":{"self":[{"href":"https:\/\/feral.law\/en\/wp-json\/wp\/v2\/publication\/20217","targetHints":{"allow":["GET"]}}],"collection":[{"href":"https:\/\/feral.law\/en\/wp-json\/wp\/v2\/publication"}],"about":[{"href":"https:\/\/feral.law\/en\/wp-json\/wp\/v2\/types\/publication"}],"wp:featuredmedia":[{"embeddable":true,"href":"https:\/\/feral.law\/en\/wp-json\/wp\/v2\/media\/20218"}],"wp:attachment":[{"href":"https:\/\/feral.law\/en\/wp-json\/wp\/v2\/media?parent=20217"}],"wp:term":[{"taxonomy":"expertises2","embeddable":true,"href":"https:\/\/feral.law\/en\/wp-json\/wp\/v2\/expertises2?post=20217"}],"curies":[{"name":"wp","href":"https:\/\/api.w.org\/{rel}","templated":true}]}}