{"id":19901,"date":"2025-02-11T15:39:07","date_gmt":"2025-02-11T14:39:07","guid":{"rendered":"https:\/\/feral.law\/?post_type=publication&#038;p=19901"},"modified":"2025-05-14T12:08:34","modified_gmt":"2025-05-14T10:08:34","slug":"ce-quil-ne-fallait-pas-manquer-du-13-decembre-au-11-fevrier","status":"publish","type":"publication","link":"https:\/\/feral.law\/en\/publications\/ce-quil-ne-fallait-pas-manquer-du-13-decembre-au-11-fevrier\/","title":{"rendered":"Ce qu\u2019il ne fallait pas manquer (du 13 d\u00e9cembre au 11 f\u00e9vrier)\u00a0\u00a0"},"content":{"rendered":"\n<p><strong><em>F\u00c9RAL partage r\u00e9guli\u00e8rement sur sa page&nbsp;<\/em><\/strong><a href=\"https:\/\/www.linkedin.com\/company\/3521142\/admin\/\"><strong><em>LinkedIn<\/em><\/strong><\/a><strong><em>&nbsp;des r\u00e9actions aux actualit\u00e9s juridiques qui ont marqu\u00e9 nos domaines d\u2019activit\u00e9s. Tous les quinze jours, retrouvez un r\u00e9cap\u2019 des informations qu\u2019il ne fallait pas manquer.&nbsp;<\/em><\/strong><\/p>\n\n\n\n<h3 class=\"wp-block-heading has-luminous-vivid-orange-color has-text-color has-link-color wp-elements-e3ac3c15427c07ab2c837b19fd38863a\">IA &amp; Data\u00a0: L\u2019EDPB publie un avis relatif aux traitements de donn\u00e9es personnelles\u00a0dans le cadre de la conception et du d\u00e9ploiement de syst\u00e8mes d&#8217;IA (SIA)<\/h3>\n\n\n\n<p>S\u2019agissant de la mise en \u0153uvre d\u2019un processus d\u2019anonymisation des donn\u00e9es, le comit\u00e9 estime\u00a0qu\u2019un SIA pourra \u00eatre consid\u00e9r\u00e9 comme anonyme si la probabilit\u00e9 d\u2019extraire des\u00a0<a href=\"https:\/\/feral.law\/expertise\/rgpd-donnees-personnelles\/\">donn\u00e9es<\/a>\u00a0personnelles ou d\u2019en obtenir \u00e0 partir de requ\u00eates est insignifiante.<\/p>\n\n\n\n<p>En ce qui concerne le recours \u00e0 l\u2019int\u00e9r\u00eat l\u00e9gitime comme base l\u00e9gale, l\u2019EDPB rappelle que les responsables de traitement sont tenus de v\u00e9rifier si le recours \u00e0 cette base remplit l\u2019ensemble des crit\u00e8res d\u2019identification, de n\u00e9cessit\u00e9 et r\u00e9pond au test de mise en balance.<\/p>\n\n\n\n<p>Sur le traitement illicite de donn\u00e9es lors de la phase de d\u00e9veloppement et ses cons\u00e9quences sur le d\u00e9ploiement d&#8217;un mod\u00e8le d&#8217;IA,\u00a0l\u2019EDPB tient compte du\u00a0r\u00f4le du responsable du traitement lors des diff\u00e9rentes phases de d\u00e9veloppement et de d\u00e9ploiement.<\/p>\n\n\n\n<p>Les responsables de traitement qui ont recours \u00e0 un\u00a0<a href=\"https:\/\/feral.law\/expertise\/intelligence-artificielle\/\">mod\u00e8le d\u2019IA<\/a>\u00a0qu\u2019ils n\u2019ont pas eux-m\u00eames d\u00e9velopp\u00e9 sont tenus de mener des analyses pr\u00e9cises pour d\u00e9terminer si le mod\u00e8le a \u00e9t\u00e9 d\u00e9velopp\u00e9 en conformit\u00e9 avec le RGPD.<\/p>\n\n\n\n<p>\u00a0Avec le d\u00e9veloppement et le d\u00e9ploiement des SIA, le principe d\u2019accountability revient au c\u0153ur du processus de conformit\u00e9 et les responsables de traitement sont invit\u00e9s \u00e0 documenter l\u2019ensemble de leurs actions, de la mise en place d\u2019un processus d\u2019anonymisation, au choix de la base l\u00e9gale en passant par le recours \u00e0 des SIA d\u00e9velopp\u00e9s par des tiers.<\/p>\n\n\n\n<p><em>Lire l\u2019avis n\u00b0<\/em><a href=\"https:\/\/www.edpb.europa.eu\/system\/files\/2024-12\/edpb_opinion_202428_ai-models_en.pdf\"><em>28\/2024<\/em><\/a><em>&nbsp;de l\u2019EDPB du 17 d\u00e9cembre 2024<\/em><\/p>\n\n\n\n<h3 class=\"wp-block-heading has-luminous-vivid-orange-color has-text-color has-link-color wp-elements-f3bcd5890ded9cf4b81e7237cd313383\">La CNIL irlandaise inflige une amende de 251 millions d&#8217;euros \u00e0 Meta\u00a0ayant impact\u00e9 29 millions d\u2019utilisateurs en 2018<\/h3>\n\n\n\n<p>La DPC a relev\u00e9 que Meta avait manqu\u00e9 \u00e0 ses obligations de notification de la\u00a0<a href=\"https:\/\/feral.law\/expertise\/failles-de-securite\/\">faille de s\u00e9curit\u00e9<\/a>\u00a0et \u00e0 la mise en \u0153uvre d\u2019une d\u00e9marche de\u00a0privacy by design et by default\u00a0:<br><\/p>\n\n\n\n<ul class=\"wp-block-list\">\n<li>La notification de la\u00a0<a href=\"https:\/\/feral.law\/expertise\/data-breach-violation-de-donnees\/\">violation<\/a>\u00a0par Meta \u00e9tait incompl\u00e8te et sa documentation insuffisante.<br><\/li>\n\n\n\n<li>Meta n\u2019avait pas mis en \u0153uvre de mesures techniques et organisationnelles suffisantes pour int\u00e9grer la conformit\u00e9 au RGPD dans une d\u00e9marche de\u00a0&#8220;<em>Privacy by Design<\/em>&#8220;.<\/li>\n<\/ul>\n\n\n\n<p><\/p>\n\n\n\n<p><em>Lire le&nbsp;<\/em><a href=\"https:\/\/dataprotection.ie\/en\/news-media\/press-releases\/irish-data-protection-commission-fines-meta-eu251-million\"><em>communiqu\u00e9 de presse<\/em><\/a><em>&nbsp;de la DPC du 17 d\u00e9cembre 2024<\/em><\/p>\n\n\n\n<h3 class=\"wp-block-heading has-luminous-vivid-orange-color has-text-color has-link-color wp-elements-4bb586632ab04a7117dad6a73f3a5931\">Extraction de donn\u00e9es personnelles\u00a0: la CNIL sanctionne un \u00e9diteur de logiciel \u00e0 hauteur de 240 000 euros\u00a0\u00a0<\/h3>\n\n\n\n<p>La soci\u00e9t\u00e9 commercialisait un outil de prospection permettant \u00e0 ses utilisateurs d\u2019obtenir les coordonn\u00e9es professionnelles de personnes cibles ayant fait le choix de limiter ou de masquer la visibilit\u00e9 de leurs coordonn\u00e9es sur le r\u00e9seau social LinkedIn.<\/p>\n\n\n\n<p>La CNIL a consid\u00e9r\u00e9 que le traitement ne pouvait \u00eatre fond\u00e9 sur l\u2019int\u00e9r\u00eat l\u00e9gitime de l\u2019\u00e9diteur dans la mesure o\u00f9 les personnes cibles avaient choisi de restreindre l\u2019acc\u00e8s \u00e0 leurs donn\u00e9es.<br><br>La CNIL a \u00e9galement consid\u00e9r\u00e9 que le renouvellement dynamique et automatique du point de d\u00e9part de la dur\u00e9e de conservation fix\u00e9e \u00e0 cinq ans n\u2019\u00e9tait pas conforme au\u00a0<a href=\"http:\/\/feral.law\/expertise\/rgpd-donnees-personnelles\/\">RGPD<\/a>\u00a0puisqu\u2019il pouvait conduire \u00e0 une conservation illimit\u00e9e dans le temps.<\/p>\n\n\n\n<p>L\u2019autorit\u00e9 a relev\u00e9 un manquement \u00e0 l\u2019obligation d\u2019information des personnes concern\u00e9es.\u00a0Ces derni\u00e8res n\u2019avaient \u00e9t\u00e9 inform\u00e9es qu\u2019\u00e0 partir de 2022, et uniquement dans un courriel en anglais.<br><br>Enfin, la CNIL a relev\u00e9 un manquement \u00e0 l\u2019obligation de faire droit aux demandes d\u2019exercice du droit d\u2019acc\u00e8s, par manque de pr\u00e9cision des informations communiqu\u00e9es aux personnes souhaitant exercer ledit droit.<\/p>\n\n\n\n<p>Outre le prononc\u00e9 d\u2019une amende, la CNIL a ordonn\u00e9 \u00e0 la soci\u00e9t\u00e9 de mettre en \u0153uvre les mesures lui permettant de se mettre en conformit\u00e9 avec le RGPD, sous astreinte de 10 000 euros par jour de retard \u00e0 l\u2019issue d\u2019un d\u00e9lai de 6 mois suivant la notification de la d\u00e9lib\u00e9ration.<\/p>\n\n\n\n<p><em>Lire la d\u00e9lib\u00e9ration&nbsp;<\/em><a href=\"https:\/\/www.legifrance.gouv.fr\/cnil\/id\/CNILTEXT000050791828\"><em>SAN-2024-020<\/em><\/a><em>&nbsp;<\/em><em>de la CNIL du 5 d\u00e9cembre 2024<\/em><\/p>\n\n\n\n<h3 class=\"wp-block-heading has-luminous-vivid-orange-color has-text-color has-link-color wp-elements-c0e9bf2eae2285d00c87e428f9846e06\">La CNIL d\u00e9voile son plan strat\u00e9gique 2025-2028<\/h3>\n\n\n\n<p>Dans le cadre de son nouveau plan strat\u00e9gique, la&nbsp;<a href=\"https:\/\/feral.law\/expertise\/rgpd-donnees-personnelles\/\">CNIL<\/a>&nbsp;orientera son action autour de 4 axes cl\u00e9s&nbsp;:&nbsp;<\/p>\n\n\n\n<p><a href=\"https:\/\/feral.law\/expertise\/intelligence-artificielle\/\">Intelligence artificielle\u00a0<\/a>: Pressentie pour \u00eatre l\u2019autorit\u00e9 nationale de surveillance du march\u00e9, la CNIL entend promouvoir une IA \u00e9thique et respectueuse des droits, en assurant un contr\u00f4le de la conformit\u00e9 des syst\u00e8mes d\u2019IA et en mettant en \u0153uvre une r\u00e9gulation \u00e9quilibr\u00e9e et effective.<br><br>Mineurs et num\u00e9rique : L&#8217;objectif affich\u00e9 est de prot\u00e9ger les mineurs et leurs donn\u00e9es dans l&#8217;environnement num\u00e9rique, notamment via le contr\u00f4le des fournisseurs de services en ligne destin\u00e9s aux mineurs.<\/p>\n\n\n\n<p><a href=\"https:\/\/feral.law\/expertise\/cybersecurite\/\">Cybers\u00e9curit\u00e9<\/a>\u00a0: La CNIL souhaite renforcer la s\u00e9curit\u00e9 des donn\u00e9es en accompagnant les individus et les organisations face aux violations de donn\u00e9es et en renfor\u00e7ant le respect des r\u00e8gles de s\u00e9curit\u00e9 gr\u00e2ce \u00e0 des contr\u00f4les et des sanctions.<\/p>\n\n\n\n<p>Usages num\u00e9riques du quotidien : L&#8217;autorit\u00e9 annonce poursuivre son plan d\u2019action relatif aux applications mobiles et veillera au d\u00e9veloppement et au d\u00e9ploiement de syst\u00e8mes d\u2019identit\u00e9 num\u00e9rique respectueux de la vie priv\u00e9e.<\/p>\n\n\n\n<p><em>Lire le&nbsp;<\/em><a href=\"https:\/\/www.cnil.fr\/sites\/cnil\/files\/2025-01\/plan_strategique_cnil_2025-2028.pdf\"><em>Plan strat\u00e9gique 2025-2028<\/em><\/a><em>&nbsp;de la CNIL du 16 janvier 2025<\/em><\/p>\n\n\n\n<h3 class=\"wp-block-heading has-luminous-vivid-orange-color has-text-color has-link-color wp-elements-78cd799644228b229f79fa42d76dd82e\">IA Act\u00a0: Premi\u00e8re entr\u00e9e en application du r\u00e8glement et calendrier des prochaines \u00e9tapes<\/h3>\n\n\n\n<p>Le premier volet de l\u2019IA Act, relatif aux&nbsp;<a href=\"https:\/\/feral.law\/expertise\/intelligence-artificielle\/\">syst\u00e8mes d\u2019IA<\/a>&nbsp;pr\u00e9sentant des risques inacceptables, est entr\u00e9 en application le 2 f\u00e9vrier 2025. Concr\u00e8tement, certaines utilisations de l\u2019IA, jug\u00e9es incompatibles avec les&nbsp;valeurs de l\u2019Union europ\u00e9enne, sont d\u00e9sormais interdites telles que les syst\u00e8mes de notation sociale, de police pr\u00e9dictive individuelle ou de reconnaissance des \u00e9motions.<br><br>Prochaines dates d\u2019entr\u00e9e en application :<\/p>\n\n\n\n<ul class=\"wp-block-list\">\n<li>2 ao\u00fbt 2025 : application des r\u00e8gles relatives aux mod\u00e8les d\u2019IA \u00e0 usage g\u00e9n\u00e9ral (GPIA) et nomination des autorit\u00e9s comp\u00e9tentes des \u00c9tats membres.<\/li>\n<\/ul>\n\n\n\n<ul class=\"wp-block-list\">\n<li>2 ao\u00fbt 2026 : mise en \u0153uvre des obligations relatives aux syst\u00e8mes d\u2019IA \u00e0 haut risque \u00e9num\u00e9r\u00e9s \u00e0 l\u2019annexe III (biom\u00e9trie, infrastructures critiques, \u00e9ducation, emploi&#8230;), des r\u00e8gles relatives aux sanctions et mise en place d\u2019au moins un bac \u00e0 sable r\u00e9glementaire par les autorit\u00e9s des \u00c9tats membres.<\/li>\n<\/ul>\n\n\n\n<ul class=\"wp-block-list\">\n<li>2 ao\u00fbt 2027 : mise en conformit\u00e9 des syst\u00e8mes d\u2019IA \u00e0 haut risque de l\u2019annexe I (jouets, dispositifs m\u00e9dicaux, \u00e9quipement radio&#8230;).<\/li>\n<\/ul>\n\n\n\n<p><\/p>\n\n\n\n<p><em>Lire le R\u00e8glement (UE)&nbsp;<\/em><a href=\"https:\/\/eur-lex.europa.eu\/legal-content\/FR\/TXT\/HTML\/?uri=OJ:L_202401689\"><em>2024\/1689<\/em><\/a><em>&nbsp;<\/em><em>du 13 juin 2024<\/em><\/p>\n","protected":false},"featured_media":19902,"menu_order":0,"template":"","expertises2":[],"class_list":["post-19901","publication","type-publication","status-publish","has-post-thumbnail","hentry"],"yoast_head":"<!-- This site is optimized with the Yoast SEO plugin v27.4 - https:\/\/yoast.com\/product\/yoast-seo-wordpress\/ -->\n<title>Ce qu\u2019il ne fallait pas manquer (du 13 d\u00e9cembre au 11 f\u00e9vrier)<\/title>\n<meta name=\"description\" content=\"F\u00c9RAL r\u00e9agit r\u00e9guli\u00e8rement aux actualit\u00e9s juridiques marquantes en publiant sur sa page Linkedin. Tous les quinze jours, retrouvez un r\u00e9cap\u2019 des informations qu\u2019il ne fallait pas manquer.\" \/>\n<meta name=\"robots\" content=\"index, follow, max-snippet:-1, max-image-preview:large, max-video-preview:-1\" \/>\n<link rel=\"canonical\" href=\"https:\/\/feral.law\/en\/publications\/ce-quil-ne-fallait-pas-manquer-du-13-decembre-au-11-fevrier\/\" \/>\n<meta property=\"og:locale\" content=\"en_US\" \/>\n<meta property=\"og:type\" content=\"article\" \/>\n<meta property=\"og:title\" content=\"Ce qu\u2019il ne fallait pas manquer (du 13 d\u00e9cembre au 11 f\u00e9vrier)\" \/>\n<meta property=\"og:description\" content=\"F\u00c9RAL r\u00e9agit r\u00e9guli\u00e8rement aux actualit\u00e9s juridiques marquantes en publiant sur sa page Linkedin. Tous les quinze jours, retrouvez un r\u00e9cap\u2019 des informations qu\u2019il ne fallait pas manquer.\" \/>\n<meta property=\"og:url\" content=\"https:\/\/feral.law\/en\/publications\/ce-quil-ne-fallait-pas-manquer-du-13-decembre-au-11-fevrier\/\" \/>\n<meta property=\"og:site_name\" content=\"F\u00e9ral\" \/>\n<meta property=\"article:modified_time\" content=\"2025-05-14T10:08:34+00:00\" \/>\n<meta property=\"og:image\" content=\"https:\/\/feral.law\/wp-content\/uploads\/2025\/02\/shutterstock_2521386221-scaled.jpg\" \/>\n\t<meta property=\"og:image:width\" content=\"2560\" \/>\n\t<meta property=\"og:image:height\" content=\"1707\" \/>\n\t<meta property=\"og:image:type\" content=\"image\/jpeg\" \/>\n<meta name=\"twitter:card\" content=\"summary_large_image\" \/>\n<meta name=\"twitter:label1\" content=\"Est. reading time\" \/>\n\t<meta name=\"twitter:data1\" content=\"6 minutes\" \/>\n<script type=\"application\/ld+json\" class=\"yoast-schema-graph\">{\"@context\":\"https:\\\/\\\/schema.org\",\"@graph\":[{\"@type\":\"WebPage\",\"@id\":\"https:\\\/\\\/feral.law\\\/en\\\/publications\\\/ce-quil-ne-fallait-pas-manquer-du-13-decembre-au-11-fevrier\\\/\",\"url\":\"https:\\\/\\\/feral.law\\\/en\\\/publications\\\/ce-quil-ne-fallait-pas-manquer-du-13-decembre-au-11-fevrier\\\/\",\"name\":\"Ce qu\u2019il ne fallait pas manquer (du 13 d\u00e9cembre au 11 f\u00e9vrier)\",\"isPartOf\":{\"@id\":\"https:\\\/\\\/feral.law\\\/en\\\/#website\"},\"primaryImageOfPage\":{\"@id\":\"https:\\\/\\\/feral.law\\\/en\\\/publications\\\/ce-quil-ne-fallait-pas-manquer-du-13-decembre-au-11-fevrier\\\/#primaryimage\"},\"image\":{\"@id\":\"https:\\\/\\\/feral.law\\\/en\\\/publications\\\/ce-quil-ne-fallait-pas-manquer-du-13-decembre-au-11-fevrier\\\/#primaryimage\"},\"thumbnailUrl\":\"https:\\\/\\\/feral.law\\\/wp-content\\\/uploads\\\/2025\\\/02\\\/shutterstock_2521386221-scaled.jpg\",\"datePublished\":\"2025-02-11T14:39:07+00:00\",\"dateModified\":\"2025-05-14T10:08:34+00:00\",\"description\":\"F\u00c9RAL r\u00e9agit r\u00e9guli\u00e8rement aux actualit\u00e9s juridiques marquantes en publiant sur sa page Linkedin. Tous les quinze jours, retrouvez un r\u00e9cap\u2019 des informations qu\u2019il ne fallait pas manquer.\",\"breadcrumb\":{\"@id\":\"https:\\\/\\\/feral.law\\\/en\\\/publications\\\/ce-quil-ne-fallait-pas-manquer-du-13-decembre-au-11-fevrier\\\/#breadcrumb\"},\"inLanguage\":\"en-US\",\"potentialAction\":[{\"@type\":\"ReadAction\",\"target\":[\"https:\\\/\\\/feral.law\\\/en\\\/publications\\\/ce-quil-ne-fallait-pas-manquer-du-13-decembre-au-11-fevrier\\\/\"]}]},{\"@type\":\"ImageObject\",\"inLanguage\":\"en-US\",\"@id\":\"https:\\\/\\\/feral.law\\\/en\\\/publications\\\/ce-quil-ne-fallait-pas-manquer-du-13-decembre-au-11-fevrier\\\/#primaryimage\",\"url\":\"https:\\\/\\\/feral.law\\\/wp-content\\\/uploads\\\/2025\\\/02\\\/shutterstock_2521386221-scaled.jpg\",\"contentUrl\":\"https:\\\/\\\/feral.law\\\/wp-content\\\/uploads\\\/2025\\\/02\\\/shutterstock_2521386221-scaled.jpg\",\"width\":2560,\"height\":1707},{\"@type\":\"BreadcrumbList\",\"@id\":\"https:\\\/\\\/feral.law\\\/en\\\/publications\\\/ce-quil-ne-fallait-pas-manquer-du-13-decembre-au-11-fevrier\\\/#breadcrumb\",\"itemListElement\":[{\"@type\":\"ListItem\",\"position\":1,\"name\":\"Accueil\",\"item\":\"https:\\\/\\\/feral.law\\\/en\\\/\"},{\"@type\":\"ListItem\",\"position\":2,\"name\":\"Ce qu\u2019il ne fallait pas manquer (du 13 d\u00e9cembre au 11 f\u00e9vrier)\u00a0\u00a0\"}]},{\"@type\":\"WebSite\",\"@id\":\"https:\\\/\\\/feral.law\\\/en\\\/#website\",\"url\":\"https:\\\/\\\/feral.law\\\/en\\\/\",\"name\":\"F\u00e9ral\",\"description\":\"Des avocats, des solutions, des r\u00e9sultats.\",\"publisher\":{\"@id\":\"https:\\\/\\\/feral.law\\\/en\\\/#organization\"},\"potentialAction\":[{\"@type\":\"SearchAction\",\"target\":{\"@type\":\"EntryPoint\",\"urlTemplate\":\"https:\\\/\\\/feral.law\\\/en\\\/?s={search_term_string}\"},\"query-input\":{\"@type\":\"PropertyValueSpecification\",\"valueRequired\":true,\"valueName\":\"search_term_string\"}}],\"inLanguage\":\"en-US\"},{\"@type\":\"Organization\",\"@id\":\"https:\\\/\\\/feral.law\\\/en\\\/#organization\",\"name\":\"F\u00e9ral\",\"url\":\"https:\\\/\\\/feral.law\\\/en\\\/\",\"logo\":{\"@type\":\"ImageObject\",\"inLanguage\":\"en-US\",\"@id\":\"https:\\\/\\\/feral.law\\\/en\\\/#\\\/schema\\\/logo\\\/image\\\/\",\"url\":\"https:\\\/\\\/feral.law\\\/wp-content\\\/uploads\\\/2022\\\/01\\\/logo2.svg\",\"contentUrl\":\"https:\\\/\\\/feral.law\\\/wp-content\\\/uploads\\\/2022\\\/01\\\/logo2.svg\",\"width\":192,\"height\":48,\"caption\":\"F\u00e9ral\"},\"image\":{\"@id\":\"https:\\\/\\\/feral.law\\\/en\\\/#\\\/schema\\\/logo\\\/image\\\/\"}}]}<\/script>\n<!-- \/ Yoast SEO plugin. -->","yoast_head_json":{"title":"Ce qu\u2019il ne fallait pas manquer (du 13 d\u00e9cembre au 11 f\u00e9vrier)","description":"F\u00c9RAL r\u00e9agit r\u00e9guli\u00e8rement aux actualit\u00e9s juridiques marquantes en publiant sur sa page Linkedin. Tous les quinze jours, retrouvez un r\u00e9cap\u2019 des informations qu\u2019il ne fallait pas manquer.","robots":{"index":"index","follow":"follow","max-snippet":"max-snippet:-1","max-image-preview":"max-image-preview:large","max-video-preview":"max-video-preview:-1"},"canonical":"https:\/\/feral.law\/en\/publications\/ce-quil-ne-fallait-pas-manquer-du-13-decembre-au-11-fevrier\/","og_locale":"en_US","og_type":"article","og_title":"Ce qu\u2019il ne fallait pas manquer (du 13 d\u00e9cembre au 11 f\u00e9vrier)","og_description":"F\u00c9RAL r\u00e9agit r\u00e9guli\u00e8rement aux actualit\u00e9s juridiques marquantes en publiant sur sa page Linkedin. Tous les quinze jours, retrouvez un r\u00e9cap\u2019 des informations qu\u2019il ne fallait pas manquer.","og_url":"https:\/\/feral.law\/en\/publications\/ce-quil-ne-fallait-pas-manquer-du-13-decembre-au-11-fevrier\/","og_site_name":"F\u00e9ral","article_modified_time":"2025-05-14T10:08:34+00:00","og_image":[{"width":2560,"height":1707,"url":"https:\/\/feral.law\/wp-content\/uploads\/2025\/02\/shutterstock_2521386221-scaled.jpg","type":"image\/jpeg"}],"twitter_card":"summary_large_image","twitter_misc":{"Est. reading time":"6 minutes"},"schema":{"@context":"https:\/\/schema.org","@graph":[{"@type":"WebPage","@id":"https:\/\/feral.law\/en\/publications\/ce-quil-ne-fallait-pas-manquer-du-13-decembre-au-11-fevrier\/","url":"https:\/\/feral.law\/en\/publications\/ce-quil-ne-fallait-pas-manquer-du-13-decembre-au-11-fevrier\/","name":"Ce qu\u2019il ne fallait pas manquer (du 13 d\u00e9cembre au 11 f\u00e9vrier)","isPartOf":{"@id":"https:\/\/feral.law\/en\/#website"},"primaryImageOfPage":{"@id":"https:\/\/feral.law\/en\/publications\/ce-quil-ne-fallait-pas-manquer-du-13-decembre-au-11-fevrier\/#primaryimage"},"image":{"@id":"https:\/\/feral.law\/en\/publications\/ce-quil-ne-fallait-pas-manquer-du-13-decembre-au-11-fevrier\/#primaryimage"},"thumbnailUrl":"https:\/\/feral.law\/wp-content\/uploads\/2025\/02\/shutterstock_2521386221-scaled.jpg","datePublished":"2025-02-11T14:39:07+00:00","dateModified":"2025-05-14T10:08:34+00:00","description":"F\u00c9RAL r\u00e9agit r\u00e9guli\u00e8rement aux actualit\u00e9s juridiques marquantes en publiant sur sa page Linkedin. Tous les quinze jours, retrouvez un r\u00e9cap\u2019 des informations qu\u2019il ne fallait pas manquer.","breadcrumb":{"@id":"https:\/\/feral.law\/en\/publications\/ce-quil-ne-fallait-pas-manquer-du-13-decembre-au-11-fevrier\/#breadcrumb"},"inLanguage":"en-US","potentialAction":[{"@type":"ReadAction","target":["https:\/\/feral.law\/en\/publications\/ce-quil-ne-fallait-pas-manquer-du-13-decembre-au-11-fevrier\/"]}]},{"@type":"ImageObject","inLanguage":"en-US","@id":"https:\/\/feral.law\/en\/publications\/ce-quil-ne-fallait-pas-manquer-du-13-decembre-au-11-fevrier\/#primaryimage","url":"https:\/\/feral.law\/wp-content\/uploads\/2025\/02\/shutterstock_2521386221-scaled.jpg","contentUrl":"https:\/\/feral.law\/wp-content\/uploads\/2025\/02\/shutterstock_2521386221-scaled.jpg","width":2560,"height":1707},{"@type":"BreadcrumbList","@id":"https:\/\/feral.law\/en\/publications\/ce-quil-ne-fallait-pas-manquer-du-13-decembre-au-11-fevrier\/#breadcrumb","itemListElement":[{"@type":"ListItem","position":1,"name":"Accueil","item":"https:\/\/feral.law\/en\/"},{"@type":"ListItem","position":2,"name":"Ce qu\u2019il ne fallait pas manquer (du 13 d\u00e9cembre au 11 f\u00e9vrier)\u00a0\u00a0"}]},{"@type":"WebSite","@id":"https:\/\/feral.law\/en\/#website","url":"https:\/\/feral.law\/en\/","name":"F\u00e9ral","description":"Des avocats, des solutions, des r\u00e9sultats.","publisher":{"@id":"https:\/\/feral.law\/en\/#organization"},"potentialAction":[{"@type":"SearchAction","target":{"@type":"EntryPoint","urlTemplate":"https:\/\/feral.law\/en\/?s={search_term_string}"},"query-input":{"@type":"PropertyValueSpecification","valueRequired":true,"valueName":"search_term_string"}}],"inLanguage":"en-US"},{"@type":"Organization","@id":"https:\/\/feral.law\/en\/#organization","name":"F\u00e9ral","url":"https:\/\/feral.law\/en\/","logo":{"@type":"ImageObject","inLanguage":"en-US","@id":"https:\/\/feral.law\/en\/#\/schema\/logo\/image\/","url":"https:\/\/feral.law\/wp-content\/uploads\/2022\/01\/logo2.svg","contentUrl":"https:\/\/feral.law\/wp-content\/uploads\/2022\/01\/logo2.svg","width":192,"height":48,"caption":"F\u00e9ral"},"image":{"@id":"https:\/\/feral.law\/en\/#\/schema\/logo\/image\/"}}]}},"_links":{"self":[{"href":"https:\/\/feral.law\/en\/wp-json\/wp\/v2\/publication\/19901","targetHints":{"allow":["GET"]}}],"collection":[{"href":"https:\/\/feral.law\/en\/wp-json\/wp\/v2\/publication"}],"about":[{"href":"https:\/\/feral.law\/en\/wp-json\/wp\/v2\/types\/publication"}],"wp:featuredmedia":[{"embeddable":true,"href":"https:\/\/feral.law\/en\/wp-json\/wp\/v2\/media\/19902"}],"wp:attachment":[{"href":"https:\/\/feral.law\/en\/wp-json\/wp\/v2\/media?parent=19901"}],"wp:term":[{"taxonomy":"expertises2","embeddable":true,"href":"https:\/\/feral.law\/en\/wp-json\/wp\/v2\/expertises2?post=19901"}],"curies":[{"name":"wp","href":"https:\/\/api.w.org\/{rel}","templated":true}]}}