{"id":19636,"date":"2024-10-08T10:19:50","date_gmt":"2024-10-08T08:19:50","guid":{"rendered":"https:\/\/feral.law\/?post_type=publication&#038;p=19636"},"modified":"2025-02-26T15:20:38","modified_gmt":"2025-02-26T14:20:38","slug":"retour-sur-les-conditions-qui-permettent-dobtenir-le-dereferencement-darticles-relatifs-a-une-condamnation-penale","status":"publish","type":"publication","link":"https:\/\/feral.law\/en\/publications\/retour-sur-les-conditions-qui-permettent-dobtenir-le-dereferencement-darticles-relatifs-a-une-condamnation-penale\/","title":{"rendered":"Retour sur les conditions qui permettent d&#8217;obtenir le d\u00e9r\u00e9f\u00e9rencement d&#8217;articles relatifs \u00e0 une condamnation p\u00e9nale"},"content":{"rendered":"\n<h3 class=\"wp-block-heading\"><em>Le Tribunal judiciaire de Paris a, dans un jugement didactique, rejet\u00e9 la demande de d\u00e9r\u00e9f\u00e9rencement d\u2019un article faisant \u00e9tat de la condamnation p\u00e9nale d\u2019un professionnel<\/em><\/h3>\n\n\n\n<p>Un professionnel souhaitait obtenir, de la part d\u2019un moteur de recherche, le d\u00e9r\u00e9f\u00e9rencement de page de sites Internet faisant \u00e9tat de sa condamnation p\u00e9nale pour remise de contrat non conforme lors d\u2019un d\u00e9marchage \u00e0 domicile.<\/p>\n\n\n\n<p>Pour obtenir le d\u00e9r\u00e9f\u00e9rencement des URL litigieuses, le professionnel avait saisi l\u2019exploitant d\u2019un moteur de recherche puis la CNIL<sup><a href=\"#20241008nbp1\">[1]<\/a><\/sup>&nbsp;\u00e0 la suite du refus qui lui avait \u00e9t\u00e9 oppos\u00e9. L\u2019exploitant du moteur de recherche avait persist\u00e9 dans son refus, consid\u00e9rant que la publication pr\u00e9sentait un int\u00e9r\u00eat pour le public.&nbsp;<\/p>\n\n\n\n<p>Insatisfait, le professionnel a saisi le Tribunal judiciaire de Paris qui a \u00e9galement refus\u00e9 de faire droit \u00e0 ses demandes apr\u00e8s avoir rappel\u00e9 que les conditions de mise en \u0153uvre du droit au d\u00e9r\u00e9f\u00e9rencement doivent \u00eatre interpr\u00e9t\u00e9es strictement.&nbsp;<\/p>\n\n\n\n<h3 class=\"wp-block-heading\">Rappel sur le droit au d\u00e9r\u00e9f\u00e9rencement et ses conditions de mise en \u0153uvre&nbsp;<\/h3>\n\n\n\n<p>L\u2019article 17 du RGPD accorde aux personnes concern\u00e9es le droit d\u2019obtenir l\u2019effacement de donn\u00e9es \u00e0 caract\u00e8re personnel les concernant (<a href=\"https:\/\/feral.law\/expertise\/droit-a-loubli\/\">droit \u00e0 l\u2019oubli<\/a>).&nbsp;<\/p>\n\n\n\n<p>De ce droit d\u00e9coule une obligation pour le responsable de traitement de proc\u00e9der \u00e0 cet effacement sous r\u00e9serve de l\u2019application de l\u2019un des motifs mentionn\u00e9s \u00e0 l\u2019article 17.1 du RGPD, parmi lesquels figurent&nbsp;:&nbsp;<\/p>\n\n\n\n<p><\/p>\n\n\n\n<ul class=\"wp-block-list\">\n<li>le fait que les donn\u00e9es en cause ne soient plus n\u00e9cessaires au regard des finalit\u00e9s pour lesquelles elles ont \u00e9t\u00e9 collect\u00e9es ou trait\u00e9es&nbsp;; ou<\/li>\n\n\n\n<li>le fait que les donn\u00e9es aient fait l\u2019objet d\u2019un traitement illicite.&nbsp;<\/li>\n<\/ul>\n\n\n\n<p><\/p>\n\n\n\n<p>Toute personne peut, sur ce fondement, demander \u00e0 l\u2019exploitant d\u2019un moteur de recherche de supprimer, d\u00e9r\u00e9f\u00e9rencer, certains r\u00e9sultats de recherche associ\u00e9s \u00e0 ses nom et pr\u00e9nom.&nbsp;<\/p>\n\n\n\n<p>\u00c0 cet \u00e9gard, le Tribunal a rappel\u00e9 que le d\u00e9r\u00e9f\u00e9rencement est justifi\u00e9 lorsque les&nbsp;<a href=\"https:\/\/feral.law\/expertise\/rgpd-donnees-personnelles\/\">donn\u00e9es personnelles<\/a>&nbsp;sont inexactes, incompl\u00e8tes, \u00e9quivoques, p\u00e9rim\u00e9es ou lorsque des motifs l\u00e9gitimes s\u2019opposent au traitement de ces donn\u00e9es.&nbsp;<\/p>\n\n\n\n<p>Cela \u00e9tant, le droit au d\u00e9r\u00e9f\u00e9rencement n\u2019est pas absolu.&nbsp;<\/p>\n\n\n\n<p>L\u2019exploitant d\u2019un moteur de recherche saisi d\u2019une telle demande doit effectuer une appr\u00e9ciation au cas par cas consistant \u00e0 trouver un juste \u00e9quilibre entre le droit \u00e0 la vie priv\u00e9e et \u00e0 la protection des donn\u00e9es personnelles et le droit \u00e0 la libert\u00e9 d\u2019expression et d\u2019information. L\u2019exploitant du moteur de recherche doit ainsi tenir compte de l\u2019int\u00e9r\u00eat l\u00e9gitime des internautes \u00e0 avoir acc\u00e8s \u00e0 l\u2019information.&nbsp;<\/p>\n\n\n\n<p>Cette mise en balance des int\u00e9r\u00eats diff\u00e8re en fonction du type de donn\u00e9es concern\u00e9&nbsp;: donn\u00e9es sensibles (<a href=\"https:\/\/feral.law\/expertise\/esante\/\">donn\u00e9es de sant\u00e9<\/a>, donn\u00e9es r\u00e9v\u00e9lant l\u2019origine raciale ou les convictions religieuses, etc.), donn\u00e9es relatives \u00e0 des infractions ou condamnations p\u00e9nales et les autres donn\u00e9es personnelles.&nbsp;<\/p>\n\n\n\n<h3 class=\"wp-block-heading\">Le d\u00e9r\u00e9f\u00e9rencement de donn\u00e9es en mati\u00e8re p\u00e9nale confront\u00e9 au droit \u00e0 l\u2019information des internautes<\/h3>\n\n\n\n<p>S\u2019agissant sp\u00e9cifiquement du d\u00e9r\u00e9f\u00e9rencement de donn\u00e9es en mati\u00e8re p\u00e9nale,&nbsp;l\u2019exploitant du moteur de recherche doit d\u00e9terminer si l\u2019indexation est \u00ab&nbsp;<em>strictement n\u00e9cessaire \u00e0 l\u2019information du public&nbsp;<\/em>\u00bb au regard de diff\u00e9rents \u00e9l\u00e9ments, \u00e0 savoir&nbsp;:<\/p>\n\n\n\n<p><\/p>\n\n\n\n<ul class=\"wp-block-list\">\n<li>la nature et la gravit\u00e9 de l\u2019infraction p\u00e9nale&nbsp;;<\/li>\n\n\n\n<li>le d\u00e9roulement de la proc\u00e9dure, son issue et l\u2019\u00e9tape de la proc\u00e9dure \u00e0 laquelle renvoie l\u2019information dont le d\u00e9r\u00e9f\u00e9rencement est sollicit\u00e9&nbsp;;<\/li>\n\n\n\n<li>le temps \u00e9coul\u00e9&nbsp;;<\/li>\n\n\n\n<li>le r\u00f4le jou\u00e9 par la personne concern\u00e9e dans la vie publique et son comportement dans le pass\u00e9<sup><a href=\"#20241008nbp2\">[2]<\/a><\/sup>.&nbsp;<\/li>\n<\/ul>\n\n\n\n<p><\/p>\n\n\n\n<p>Le Tribunal a pr\u00e9cis\u00e9 que si cette mise en balance des int\u00e9r\u00eats conduit \u00e0 privil\u00e9gier le droit \u00e0 l\u2019information, conduisant ainsi \u00e0 rejeter la demande de d\u00e9r\u00e9f\u00e9rencement, l\u2019exploitant du moteur de recherche devra toutefois \u00ab&nbsp;<em>am\u00e9nager le r\u00e9f\u00e9rencement pour mettre en valeur les contenus les plus \u00e0 jour, refl\u00e9tant la situation judiciaire actuelle du demandeur<\/em>&nbsp;\u00bb.&nbsp;<\/p>\n\n\n\n<p>En l\u2019esp\u00e8ce, apr\u00e8s avoir constat\u00e9 que certaines pages dont le d\u00e9r\u00e9f\u00e9rencement \u00e9tait sollicit\u00e9 n\u2019\u00e9taient pas accessibles \u00e0 partir d\u2019une recherche comportant les seuls nom et pr\u00e9nom du professionnel, mais apr\u00e8s une recherche comportant des mots cl\u00e9s suppl\u00e9mentaires, le Tribunal a rejet\u00e9 la demande du professionnel.&nbsp;<\/p>\n\n\n\n<p>Le Tribunal a \u00e9galement refus\u00e9 d\u2019ordonner le d\u00e9r\u00e9f\u00e9rencement des autres pages litigieuses au motif que l\u2019information relative \u00e0 la condamnation p\u00e9nale du professionnel \u00e9tait strictement n\u00e9cessaire \u00e0 l\u2019information l\u00e9gitime des internautes susceptibles de recourir aux services du professionnel.<\/p>\n\n\n\n<p><em>Lire le jugement du Tribunal judiciaire de Paris, du 18 septembre 2014, n\u00b0&nbsp;<\/em><a href=\"https:\/\/www.courdecassation.fr\/decision\/66eb1a0a5d6ab01ec1757b89?search_api_fulltext=%22google%22%20%22d%C3%A9r%C3%A9f%C3%A9rencement%22&amp;op=Rechercher&amp;date_du=&amp;date_au=&amp;judilibre_juridiction=all&amp;previousdecisionpage=&amp;previousdecisionindex=&amp;nextdecisionpage=0&amp;nextdecisionindex=1\"><em>22\/10502<\/em><\/a><em><u><\/u><\/em><\/p>\n\n\n\n<p><\/p>\n\n\n\n<hr class=\"wp-block-separator has-alpha-channel-opacity\" \/>\n\n\n\n<p><\/p>\n\n\n\n<p id=\"20241008nbp1\"><sup>[1]<\/sup>&nbsp;En l\u2019absence de r\u00e9ponse ou en cas de refus du moteur de recherche, la personne concern\u00e9e peut d\u00e9poser plainte aupr\u00e8s de la CNIL afin que celle-ci d\u00e9terminer si le r\u00e9sultat de recherche en cause doit ou non \u00eatre d\u00e9r\u00e9f\u00e9renc\u00e9. Dans l\u2019affirmative, la CNIL peut contraindre le moteur de proc\u00e9der au d\u00e9r\u00e9f\u00e9rencement.&nbsp;<\/p>\n\n\n\n<p id=\"20241008nbp2\"><sup>[2]<\/sup>&nbsp;CJUE, 24 septembre 2019, affaire&nbsp;<a href=\"https:\/\/eur-lex.europa.eu\/legal-content\/FR\/TXT\/?uri=CELEX:62017CJ0136&amp;qid=1728291740128\">C-136\/17<\/a><\/p>\n\n\n\n<p><\/p>\n","protected":false},"featured_media":19637,"menu_order":0,"template":"","expertises2":[6710],"class_list":["post-19636","publication","type-publication","status-publish","has-post-thumbnail","hentry","expertises2-rgpd-data-privacy"],"yoast_head":"<!-- This site is optimized with the Yoast SEO plugin v27.4 - https:\/\/yoast.com\/product\/yoast-seo-wordpress\/ -->\n<title>RGPD : rappel sur les conditions permettant d\u2019obtenir le d\u00e9r\u00e9f\u00e9rencement de contenus<\/title>\n<meta name=\"description\" content=\"Dans quelles conditions la personne concern\u00e9e peut-elle obtenir le d\u00e9r\u00e9f\u00e9rencement d\u2019un r\u00e9sultat de recherche faisant \u00e9tat de sa condamnation p\u00e9nale ?\" \/>\n<meta name=\"robots\" content=\"index, follow, max-snippet:-1, max-image-preview:large, max-video-preview:-1\" \/>\n<link rel=\"canonical\" href=\"https:\/\/feral.law\/en\/publications\/retour-sur-les-conditions-qui-permettent-dobtenir-le-dereferencement-darticles-relatifs-a-une-condamnation-penale\/\" \/>\n<meta property=\"og:locale\" content=\"en_US\" \/>\n<meta property=\"og:type\" content=\"article\" \/>\n<meta property=\"og:title\" content=\"RGPD : rappel sur les conditions permettant d\u2019obtenir le d\u00e9r\u00e9f\u00e9rencement de contenus\" \/>\n<meta property=\"og:description\" content=\"Dans quelles conditions la personne concern\u00e9e peut-elle obtenir le d\u00e9r\u00e9f\u00e9rencement d\u2019un r\u00e9sultat de recherche faisant \u00e9tat de sa condamnation p\u00e9nale ?\" \/>\n<meta property=\"og:url\" content=\"https:\/\/feral.law\/en\/publications\/retour-sur-les-conditions-qui-permettent-dobtenir-le-dereferencement-darticles-relatifs-a-une-condamnation-penale\/\" \/>\n<meta property=\"og:site_name\" content=\"F\u00e9ral\" \/>\n<meta property=\"article:modified_time\" content=\"2025-02-26T14:20:38+00:00\" \/>\n<meta property=\"og:image\" content=\"https:\/\/feral.law\/wp-content\/uploads\/2024\/10\/shutterstock_1065320012-scaled.jpg\" \/>\n\t<meta property=\"og:image:width\" content=\"2560\" \/>\n\t<meta property=\"og:image:height\" content=\"2087\" \/>\n\t<meta property=\"og:image:type\" content=\"image\/jpeg\" \/>\n<meta name=\"twitter:card\" content=\"summary_large_image\" \/>\n<meta name=\"twitter:label1\" content=\"Est. reading time\" \/>\n\t<meta name=\"twitter:data1\" content=\"5 minutes\" \/>\n<script type=\"application\/ld+json\" class=\"yoast-schema-graph\">{\"@context\":\"https:\\\/\\\/schema.org\",\"@graph\":[{\"@type\":\"WebPage\",\"@id\":\"https:\\\/\\\/feral.law\\\/en\\\/publications\\\/retour-sur-les-conditions-qui-permettent-dobtenir-le-dereferencement-darticles-relatifs-a-une-condamnation-penale\\\/\",\"url\":\"https:\\\/\\\/feral.law\\\/en\\\/publications\\\/retour-sur-les-conditions-qui-permettent-dobtenir-le-dereferencement-darticles-relatifs-a-une-condamnation-penale\\\/\",\"name\":\"RGPD : rappel sur les conditions permettant d\u2019obtenir le d\u00e9r\u00e9f\u00e9rencement de contenus\",\"isPartOf\":{\"@id\":\"https:\\\/\\\/feral.law\\\/en\\\/#website\"},\"primaryImageOfPage\":{\"@id\":\"https:\\\/\\\/feral.law\\\/en\\\/publications\\\/retour-sur-les-conditions-qui-permettent-dobtenir-le-dereferencement-darticles-relatifs-a-une-condamnation-penale\\\/#primaryimage\"},\"image\":{\"@id\":\"https:\\\/\\\/feral.law\\\/en\\\/publications\\\/retour-sur-les-conditions-qui-permettent-dobtenir-le-dereferencement-darticles-relatifs-a-une-condamnation-penale\\\/#primaryimage\"},\"thumbnailUrl\":\"https:\\\/\\\/feral.law\\\/wp-content\\\/uploads\\\/2024\\\/10\\\/shutterstock_1065320012-scaled.jpg\",\"datePublished\":\"2024-10-08T08:19:50+00:00\",\"dateModified\":\"2025-02-26T14:20:38+00:00\",\"description\":\"Dans quelles conditions la personne concern\u00e9e peut-elle obtenir le d\u00e9r\u00e9f\u00e9rencement d\u2019un r\u00e9sultat de recherche faisant \u00e9tat de sa condamnation p\u00e9nale ?\",\"breadcrumb\":{\"@id\":\"https:\\\/\\\/feral.law\\\/en\\\/publications\\\/retour-sur-les-conditions-qui-permettent-dobtenir-le-dereferencement-darticles-relatifs-a-une-condamnation-penale\\\/#breadcrumb\"},\"inLanguage\":\"en-US\",\"potentialAction\":[{\"@type\":\"ReadAction\",\"target\":[\"https:\\\/\\\/feral.law\\\/en\\\/publications\\\/retour-sur-les-conditions-qui-permettent-dobtenir-le-dereferencement-darticles-relatifs-a-une-condamnation-penale\\\/\"]}]},{\"@type\":\"ImageObject\",\"inLanguage\":\"en-US\",\"@id\":\"https:\\\/\\\/feral.law\\\/en\\\/publications\\\/retour-sur-les-conditions-qui-permettent-dobtenir-le-dereferencement-darticles-relatifs-a-une-condamnation-penale\\\/#primaryimage\",\"url\":\"https:\\\/\\\/feral.law\\\/wp-content\\\/uploads\\\/2024\\\/10\\\/shutterstock_1065320012-scaled.jpg\",\"contentUrl\":\"https:\\\/\\\/feral.law\\\/wp-content\\\/uploads\\\/2024\\\/10\\\/shutterstock_1065320012-scaled.jpg\",\"width\":2560,\"height\":2087},{\"@type\":\"BreadcrumbList\",\"@id\":\"https:\\\/\\\/feral.law\\\/en\\\/publications\\\/retour-sur-les-conditions-qui-permettent-dobtenir-le-dereferencement-darticles-relatifs-a-une-condamnation-penale\\\/#breadcrumb\",\"itemListElement\":[{\"@type\":\"ListItem\",\"position\":1,\"name\":\"Accueil\",\"item\":\"https:\\\/\\\/feral.law\\\/en\\\/\"},{\"@type\":\"ListItem\",\"position\":2,\"name\":\"Retour sur les conditions qui permettent d&rsquo;obtenir le d\u00e9r\u00e9f\u00e9rencement d&rsquo;articles relatifs \u00e0 une condamnation p\u00e9nale\"}]},{\"@type\":\"WebSite\",\"@id\":\"https:\\\/\\\/feral.law\\\/en\\\/#website\",\"url\":\"https:\\\/\\\/feral.law\\\/en\\\/\",\"name\":\"F\u00e9ral\",\"description\":\"Des avocats, des solutions, des r\u00e9sultats.\",\"publisher\":{\"@id\":\"https:\\\/\\\/feral.law\\\/en\\\/#organization\"},\"potentialAction\":[{\"@type\":\"SearchAction\",\"target\":{\"@type\":\"EntryPoint\",\"urlTemplate\":\"https:\\\/\\\/feral.law\\\/en\\\/?s={search_term_string}\"},\"query-input\":{\"@type\":\"PropertyValueSpecification\",\"valueRequired\":true,\"valueName\":\"search_term_string\"}}],\"inLanguage\":\"en-US\"},{\"@type\":\"Organization\",\"@id\":\"https:\\\/\\\/feral.law\\\/en\\\/#organization\",\"name\":\"F\u00e9ral\",\"url\":\"https:\\\/\\\/feral.law\\\/en\\\/\",\"logo\":{\"@type\":\"ImageObject\",\"inLanguage\":\"en-US\",\"@id\":\"https:\\\/\\\/feral.law\\\/en\\\/#\\\/schema\\\/logo\\\/image\\\/\",\"url\":\"https:\\\/\\\/feral.law\\\/wp-content\\\/uploads\\\/2022\\\/01\\\/logo2.svg\",\"contentUrl\":\"https:\\\/\\\/feral.law\\\/wp-content\\\/uploads\\\/2022\\\/01\\\/logo2.svg\",\"width\":192,\"height\":48,\"caption\":\"F\u00e9ral\"},\"image\":{\"@id\":\"https:\\\/\\\/feral.law\\\/en\\\/#\\\/schema\\\/logo\\\/image\\\/\"}}]}<\/script>\n<!-- \/ Yoast SEO plugin. -->","yoast_head_json":{"title":"RGPD : rappel sur les conditions permettant d\u2019obtenir le d\u00e9r\u00e9f\u00e9rencement de contenus","description":"Dans quelles conditions la personne concern\u00e9e peut-elle obtenir le d\u00e9r\u00e9f\u00e9rencement d\u2019un r\u00e9sultat de recherche faisant \u00e9tat de sa condamnation p\u00e9nale ?","robots":{"index":"index","follow":"follow","max-snippet":"max-snippet:-1","max-image-preview":"max-image-preview:large","max-video-preview":"max-video-preview:-1"},"canonical":"https:\/\/feral.law\/en\/publications\/retour-sur-les-conditions-qui-permettent-dobtenir-le-dereferencement-darticles-relatifs-a-une-condamnation-penale\/","og_locale":"en_US","og_type":"article","og_title":"RGPD : rappel sur les conditions permettant d\u2019obtenir le d\u00e9r\u00e9f\u00e9rencement de contenus","og_description":"Dans quelles conditions la personne concern\u00e9e peut-elle obtenir le d\u00e9r\u00e9f\u00e9rencement d\u2019un r\u00e9sultat de recherche faisant \u00e9tat de sa condamnation p\u00e9nale ?","og_url":"https:\/\/feral.law\/en\/publications\/retour-sur-les-conditions-qui-permettent-dobtenir-le-dereferencement-darticles-relatifs-a-une-condamnation-penale\/","og_site_name":"F\u00e9ral","article_modified_time":"2025-02-26T14:20:38+00:00","og_image":[{"width":2560,"height":2087,"url":"https:\/\/feral.law\/wp-content\/uploads\/2024\/10\/shutterstock_1065320012-scaled.jpg","type":"image\/jpeg"}],"twitter_card":"summary_large_image","twitter_misc":{"Est. reading time":"5 minutes"},"schema":{"@context":"https:\/\/schema.org","@graph":[{"@type":"WebPage","@id":"https:\/\/feral.law\/en\/publications\/retour-sur-les-conditions-qui-permettent-dobtenir-le-dereferencement-darticles-relatifs-a-une-condamnation-penale\/","url":"https:\/\/feral.law\/en\/publications\/retour-sur-les-conditions-qui-permettent-dobtenir-le-dereferencement-darticles-relatifs-a-une-condamnation-penale\/","name":"RGPD : rappel sur les conditions permettant d\u2019obtenir le d\u00e9r\u00e9f\u00e9rencement de contenus","isPartOf":{"@id":"https:\/\/feral.law\/en\/#website"},"primaryImageOfPage":{"@id":"https:\/\/feral.law\/en\/publications\/retour-sur-les-conditions-qui-permettent-dobtenir-le-dereferencement-darticles-relatifs-a-une-condamnation-penale\/#primaryimage"},"image":{"@id":"https:\/\/feral.law\/en\/publications\/retour-sur-les-conditions-qui-permettent-dobtenir-le-dereferencement-darticles-relatifs-a-une-condamnation-penale\/#primaryimage"},"thumbnailUrl":"https:\/\/feral.law\/wp-content\/uploads\/2024\/10\/shutterstock_1065320012-scaled.jpg","datePublished":"2024-10-08T08:19:50+00:00","dateModified":"2025-02-26T14:20:38+00:00","description":"Dans quelles conditions la personne concern\u00e9e peut-elle obtenir le d\u00e9r\u00e9f\u00e9rencement d\u2019un r\u00e9sultat de recherche faisant \u00e9tat de sa condamnation p\u00e9nale ?","breadcrumb":{"@id":"https:\/\/feral.law\/en\/publications\/retour-sur-les-conditions-qui-permettent-dobtenir-le-dereferencement-darticles-relatifs-a-une-condamnation-penale\/#breadcrumb"},"inLanguage":"en-US","potentialAction":[{"@type":"ReadAction","target":["https:\/\/feral.law\/en\/publications\/retour-sur-les-conditions-qui-permettent-dobtenir-le-dereferencement-darticles-relatifs-a-une-condamnation-penale\/"]}]},{"@type":"ImageObject","inLanguage":"en-US","@id":"https:\/\/feral.law\/en\/publications\/retour-sur-les-conditions-qui-permettent-dobtenir-le-dereferencement-darticles-relatifs-a-une-condamnation-penale\/#primaryimage","url":"https:\/\/feral.law\/wp-content\/uploads\/2024\/10\/shutterstock_1065320012-scaled.jpg","contentUrl":"https:\/\/feral.law\/wp-content\/uploads\/2024\/10\/shutterstock_1065320012-scaled.jpg","width":2560,"height":2087},{"@type":"BreadcrumbList","@id":"https:\/\/feral.law\/en\/publications\/retour-sur-les-conditions-qui-permettent-dobtenir-le-dereferencement-darticles-relatifs-a-une-condamnation-penale\/#breadcrumb","itemListElement":[{"@type":"ListItem","position":1,"name":"Accueil","item":"https:\/\/feral.law\/en\/"},{"@type":"ListItem","position":2,"name":"Retour sur les conditions qui permettent d&rsquo;obtenir le d\u00e9r\u00e9f\u00e9rencement d&rsquo;articles relatifs \u00e0 une condamnation p\u00e9nale"}]},{"@type":"WebSite","@id":"https:\/\/feral.law\/en\/#website","url":"https:\/\/feral.law\/en\/","name":"F\u00e9ral","description":"Des avocats, des solutions, des r\u00e9sultats.","publisher":{"@id":"https:\/\/feral.law\/en\/#organization"},"potentialAction":[{"@type":"SearchAction","target":{"@type":"EntryPoint","urlTemplate":"https:\/\/feral.law\/en\/?s={search_term_string}"},"query-input":{"@type":"PropertyValueSpecification","valueRequired":true,"valueName":"search_term_string"}}],"inLanguage":"en-US"},{"@type":"Organization","@id":"https:\/\/feral.law\/en\/#organization","name":"F\u00e9ral","url":"https:\/\/feral.law\/en\/","logo":{"@type":"ImageObject","inLanguage":"en-US","@id":"https:\/\/feral.law\/en\/#\/schema\/logo\/image\/","url":"https:\/\/feral.law\/wp-content\/uploads\/2022\/01\/logo2.svg","contentUrl":"https:\/\/feral.law\/wp-content\/uploads\/2022\/01\/logo2.svg","width":192,"height":48,"caption":"F\u00e9ral"},"image":{"@id":"https:\/\/feral.law\/en\/#\/schema\/logo\/image\/"}}]}},"_links":{"self":[{"href":"https:\/\/feral.law\/en\/wp-json\/wp\/v2\/publication\/19636","targetHints":{"allow":["GET"]}}],"collection":[{"href":"https:\/\/feral.law\/en\/wp-json\/wp\/v2\/publication"}],"about":[{"href":"https:\/\/feral.law\/en\/wp-json\/wp\/v2\/types\/publication"}],"wp:featuredmedia":[{"embeddable":true,"href":"https:\/\/feral.law\/en\/wp-json\/wp\/v2\/media\/19637"}],"wp:attachment":[{"href":"https:\/\/feral.law\/en\/wp-json\/wp\/v2\/media?parent=19636"}],"wp:term":[{"taxonomy":"expertises2","embeddable":true,"href":"https:\/\/feral.law\/en\/wp-json\/wp\/v2\/expertises2?post=19636"}],"curies":[{"name":"wp","href":"https:\/\/api.w.org\/{rel}","templated":true}]}}