{"id":18405,"date":"2023-05-30T16:21:58","date_gmt":"2023-05-30T14:21:58","guid":{"rendered":"https:\/\/feral.law\/?post_type=publication&#038;p=18405"},"modified":"2023-07-10T14:36:38","modified_gmt":"2023-07-10T12:36:38","slug":"la-condamnation-du-titulaire-dune-page-facebook-en-raison-de-commentaires-haineux-publies-par-des-tiers-ne-viole-pas-la-liberte-dexpression","status":"publish","type":"publication","link":"https:\/\/feral.law\/en\/publications\/la-condamnation-du-titulaire-dune-page-facebook-en-raison-de-commentaires-haineux-publies-par-des-tiers-ne-viole-pas-la-liberte-dexpression\/","title":{"rendered":"La condamnation du titulaire d\u2019une page Facebook en raison de commentaires haineux publi\u00e9s par des tiers ne viole pas la libert\u00e9 d\u2019expression"},"content":{"rendered":"\n<p><strong><em>L\u2019article 10 de la Convention EDH ne fait pas obstacle \u00e0 l\u2019application \u00e0 un homme politique, titulaire d\u2019un compte sur un r\u00e9seau social, d\u2019un r\u00e9gime de responsabilit\u00e9 du fait de contenus haineux publi\u00e9s par des tiers.<\/em><\/strong><\/p>\n\n\n\n<p>Un homme politique en campagne \u00e9lectorale avait publi\u00e9 sur sa page Facebook un message visant un adversaire politique. Des tiers avaient comment\u00e9 cette publication de propos islamophobes dirig\u00e9s contre ce m\u00eame adversaire et sa compagne.<\/p>\n\n\n\n<p>Aux termes d\u2019une proc\u00e9dure p\u00e9nale engag\u00e9e par cette derni\u00e8re, les juridictions nationales ont condamn\u00e9 le politicien, en sa qualit\u00e9 de producteur d\u2019un site de communication au public en ligne, pour provocation \u00e0 la haine ou \u00e0 la violence \u00e0 l\u2019\u00e9gard d\u2019un groupe de personnes \u00e0 raison d\u2019une religion d\u00e9termin\u00e9e.<\/p>\n\n\n\n<p>Le politicien (le \u00ab&nbsp;<strong>Requ\u00e9rant<\/strong>&nbsp;\u00bb) a saisi la Cour Europ\u00e9enne des Droits de l\u2019Homme (CEDH) au motif que cette condamnation constituait un risque de censure, et partant un risque pour sa libert\u00e9 d\u2019expression.<\/p>\n\n\n\n<p>La CEDH a consid\u00e9r\u00e9 que cette condamnation ne portait pas atteinte au droit \u00e0 la libert\u00e9 d\u2019expression garanti par l\u2019article 10 de la Convention EDH<sup><a href=\"#20230530nbp1\">[1]<\/a><\/sup>.&nbsp;<\/p>\n\n\n\n<h3 class=\"wp-block-heading\">Le titulaire d\u2019une page Facebook peut \u00eatre condamn\u00e9 au titre de commentaires haineux publi\u00e9s par des tiers<\/h3>\n\n\n\n<p>Les lois&nbsp;<a>des 29 juillet 1881&nbsp;<\/a>et 1982<sup><a href=\"#20230530nbp2\">[2]<\/a><\/sup>&nbsp;instaurent un r\u00e9gime de responsabilit\u00e9 p\u00e9nale \u00ab&nbsp;en cascade&nbsp;\u00bb concernant les infractions de&nbsp;<a href=\"https:\/\/feral.law\/expertise\/ereputation\/\">presse<\/a>&nbsp;commises par un moyen de communication au public par voie \u00e9lectronique.&nbsp;<\/p>\n\n\n\n<p>La responsabilit\u00e9 de diff\u00e9rents acteurs peut ainsi \u00eatre engag\u00e9e d\u00e8s lors qu\u2019est \u00e9tablie (i) leur connaissance du message avant sa mise en ligne ou (ii) le fait de ne pas avoir agi promptement pour le retirer d\u00e8s le moment o\u00f9 il en a eu connaissance. Par priorit\u00e9, le responsable est&nbsp;:&nbsp;<\/p>\n\n\n\n<p><\/p>\n\n\n\n<ul class=\"wp-block-list\">\n<li>Le directeur de publication ou, \u00e0 d\u00e9faut,&nbsp;<\/li>\n\n\n\n<li>L\u2019auteur, ou<\/li>\n\n\n\n<li>Le producteur, d\u00e9fini comme celui qui a pris la responsabilit\u00e9 d\u2019offrir un forum de discussion aux internautes sur des th\u00e8mes donn\u00e9s.<\/li>\n<\/ul>\n\n\n\n<p><\/p>\n\n\n\n<p>En application de ce dispositif, le Requ\u00e9rant avait \u00e9t\u00e9 qualifi\u00e9 de producteur et condamn\u00e9 pour ne pas avoir retir\u00e9 promptement les commentaires illicites publi\u00e9s par des tiers sur sa page Facebook.&nbsp;<\/p>\n\n\n\n<p>Le Requ\u00e9rant critiquait ce dispositif, arguant notamment que les conditions dans lesquelles le producteur \u00e9tait r\u00e9put\u00e9 avoir eu connaissance des propos illicites n\u2019\u00e9taient pas pr\u00e9cis\u00e9es.<\/p>\n\n\n\n<p>La Cour a consid\u00e9r\u00e9 que l\u2019absence de syst\u00e8me de notification pr\u00e9alable ne soulevait aucune difficult\u00e9 sur la l\u00e9galit\u00e9 de l\u2019ing\u00e9rence \u00e9tatique.<\/p>\n\n\n\n<p>Le Requ\u00e9rant soutenait \u00e9galement qu\u2019il ne pouvait \u00eatre mis en cause en l\u2019absence de poursuites contre le directeur de la publication ou les auteurs des commentaires litigieux. Or, les tiers auteurs avaient en l\u2019esp\u00e8ce \u00e9t\u00e9 identifi\u00e9s et condamn\u00e9s.<\/p>\n\n\n\n<p>La Cour a relev\u00e9 que l\u2019engagement de la responsabilit\u00e9 du seul producteur pouvait \u00eatre envisag\u00e9 s\u2019agissant d\u2019infractions \u00e0 la loi sur la presse pour des propos tenus par un tiers clairement identifi\u00e9. Ce faisant, la Cour a consid\u00e9r\u00e9 que les juridictions internes n\u2019avaient pas \u00e9t\u00e9 arbitraires ou manifestement d\u00e9raisonnables.<\/p>\n\n\n\n<p>Les juges de la CEDH ont en cons\u00e9quence estim\u00e9 que l\u2019ing\u00e9rence au droit \u00e0 la libert\u00e9 d\u2019expression \u00e9tait suffisamment pr\u00e9vue par la loi.&nbsp;<\/p>\n\n\n\n<h3 class=\"wp-block-heading\">La condamnation du titulaire de la page est une ing\u00e9rence proportionn\u00e9e \u00e0 la libert\u00e9 d\u2019expression<\/h3>\n\n\n\n<p>Les ing\u00e9rences \u00e0 un droit ou une libert\u00e9 fondamentale sont possibles d\u00e8s lorsqu\u2019elles sont pr\u00e9vues par la loi et qu\u2019elles ne portent pas une atteinte disproportionn\u00e9e au droit ou \u00e0 la libert\u00e9 en cause.&nbsp;<\/p>\n\n\n\n<p>En l\u2019esp\u00e8ce, pour appr\u00e9cier cette proportionnalit\u00e9, la Cour a mis en balance plusieurs \u00e9l\u00e9ments tels que la nature du discours, les int\u00e9r\u00eats en pr\u00e9sence, etc.<\/p>\n\n\n\n<p>Elle a alors consid\u00e9r\u00e9 que l\u2019ing\u00e9rence pr\u00e9vue par le droit fran\u00e7ais ne portait pas une atteinte disproportionn\u00e9e \u00e0 la libert\u00e9 d\u2019expression du Requ\u00e9rant.&nbsp;<\/p>\n\n\n\n<p>Elle a rappel\u00e9 que si le discours politique exige un degr\u00e9 \u00e9lev\u00e9 de protection, il ne dispose pas d\u2019une libert\u00e9 absolue notamment face aux discours de haine diffus\u00e9s sur Internet.&nbsp;<\/p>\n\n\n\n<p>Les juges ont notamment pris en compte le fait que les propos haineux b\u00e9n\u00e9ficiaient d\u2019une r\u00e9sonance particuli\u00e8re en raison de la notori\u00e9t\u00e9 et repr\u00e9sentativit\u00e9 du Requ\u00e9rant.&nbsp;Ils ont \u00e0 ce titre relev\u00e9 que le Requ\u00e9rant utilisait les&nbsp;<a href=\"https:\/\/feral.law\/expertise\/medias-liberte-dexpression\/\">r\u00e9seaux sociaux<\/a>&nbsp;de fa\u00e7on enti\u00e8rement publique, \u00e0 des fins politiques et \u00e9lectorales, ce qui alourdissait sa responsabilit\u00e9.<\/p>\n\n\n\n<p>Partant, la grande chambre de la CEDH a consid\u00e9r\u00e9 que la condamnation p\u00e9nale du politicien \u00e9tait proportionn\u00e9e et ne portait pas atteinte \u00e0 sa libert\u00e9 d\u2019expression.<\/p>\n\n\n\n<p><em>Lire l\u2019arr\u00eat de la CEDH du 15 mai 2023, n\u00b0<\/em><a href=\"https:\/\/hudoc.echr.coe.int\/fre#{%22itemid%22:[%22001-224958%22]}\"><em>45581\/15<\/em><\/a><\/p>\n\n\n\n<p><\/p>\n\n\n\n<hr class=\"wp-block-separator has-alpha-channel-opacity\" \/>\n\n\n\n<p><\/p>\n\n\n\n<p id=\"20230530nbp1\"><sup>[1]<\/sup>&nbsp;Convention de Sauvegarde des Droits de l\u2019Homme et des Libert\u00e9s Fondamentales (<a href=\"https:\/\/www.echr.coe.int\/documents\/convention_fra.pdf\">Convention EDH<\/a>).<\/p>\n\n\n\n<p id=\"20230530nbp2\"><sup>[2]<\/sup>&nbsp;<a href=\"https:\/\/www.legifrance.gouv.fr\/loda\/id\/JORFTEXT000000877119\/\">Loi du 29 juillet 1881<\/a>&nbsp;sur la libert\u00e9 de la presse et loi<a>&nbsp;n\u00b0<\/a><a href=\"https:\/\/www.legifrance.gouv.fr\/loda\/id\/LEGISCTA000006089716\">82-652<\/a>&nbsp;du 29 juillet 1982 sur la communication audiovisuelle.<\/p>\n","protected":false},"featured_media":18406,"menu_order":0,"template":"","expertises2":[6708],"class_list":["post-18405","publication","type-publication","status-publish","has-post-thumbnail","hentry","expertises2-medias-communication"],"yoast_head":"<!-- This site is optimized with the Yoast SEO plugin v27.4 - https:\/\/yoast.com\/product\/yoast-seo-wordpress\/ -->\n<title>Haine en ligne : responsabilit\u00e9 face \u00e0 l&#039;absence de mod\u00e9ration<\/title>\n<meta name=\"description\" content=\"Le titulaire d&#039;une page de r\u00e9seau social peut \u00eatre responsable des commentaires haineux qui y sont publi\u00e9s par des tiers\" \/>\n<meta name=\"robots\" content=\"index, follow, max-snippet:-1, max-image-preview:large, max-video-preview:-1\" \/>\n<link rel=\"canonical\" href=\"https:\/\/feral.law\/en\/publications\/la-condamnation-du-titulaire-dune-page-facebook-en-raison-de-commentaires-haineux-publies-par-des-tiers-ne-viole-pas-la-liberte-dexpression\/\" \/>\n<meta property=\"og:locale\" content=\"en_US\" \/>\n<meta property=\"og:type\" content=\"article\" \/>\n<meta property=\"og:title\" content=\"Haine en ligne : responsabilit\u00e9 face \u00e0 l&#039;absence de mod\u00e9ration\" \/>\n<meta property=\"og:description\" content=\"Le titulaire d&#039;une page de r\u00e9seau social peut \u00eatre responsable des commentaires haineux qui y sont publi\u00e9s par des tiers\" \/>\n<meta property=\"og:url\" content=\"https:\/\/feral.law\/en\/publications\/la-condamnation-du-titulaire-dune-page-facebook-en-raison-de-commentaires-haineux-publies-par-des-tiers-ne-viole-pas-la-liberte-dexpression\/\" \/>\n<meta property=\"og:site_name\" content=\"F\u00e9ral\" \/>\n<meta property=\"article:modified_time\" content=\"2023-07-10T12:36:38+00:00\" \/>\n<meta property=\"og:image\" content=\"https:\/\/feral.law\/wp-content\/uploads\/2023\/05\/shutterstock_1824524468-scaled.jpg\" \/>\n\t<meta property=\"og:image:width\" content=\"2560\" \/>\n\t<meta property=\"og:image:height\" content=\"1760\" \/>\n\t<meta property=\"og:image:type\" content=\"image\/jpeg\" \/>\n<meta name=\"twitter:card\" content=\"summary_large_image\" \/>\n<meta name=\"twitter:label1\" content=\"Est. reading time\" \/>\n\t<meta name=\"twitter:data1\" content=\"4 minutes\" \/>\n<script type=\"application\/ld+json\" class=\"yoast-schema-graph\">{\"@context\":\"https:\\\/\\\/schema.org\",\"@graph\":[{\"@type\":\"WebPage\",\"@id\":\"https:\\\/\\\/feral.law\\\/en\\\/publications\\\/la-condamnation-du-titulaire-dune-page-facebook-en-raison-de-commentaires-haineux-publies-par-des-tiers-ne-viole-pas-la-liberte-dexpression\\\/\",\"url\":\"https:\\\/\\\/feral.law\\\/en\\\/publications\\\/la-condamnation-du-titulaire-dune-page-facebook-en-raison-de-commentaires-haineux-publies-par-des-tiers-ne-viole-pas-la-liberte-dexpression\\\/\",\"name\":\"Haine en ligne : responsabilit\u00e9 face \u00e0 l'absence de mod\u00e9ration\",\"isPartOf\":{\"@id\":\"https:\\\/\\\/feral.law\\\/en\\\/#website\"},\"primaryImageOfPage\":{\"@id\":\"https:\\\/\\\/feral.law\\\/en\\\/publications\\\/la-condamnation-du-titulaire-dune-page-facebook-en-raison-de-commentaires-haineux-publies-par-des-tiers-ne-viole-pas-la-liberte-dexpression\\\/#primaryimage\"},\"image\":{\"@id\":\"https:\\\/\\\/feral.law\\\/en\\\/publications\\\/la-condamnation-du-titulaire-dune-page-facebook-en-raison-de-commentaires-haineux-publies-par-des-tiers-ne-viole-pas-la-liberte-dexpression\\\/#primaryimage\"},\"thumbnailUrl\":\"https:\\\/\\\/feral.law\\\/wp-content\\\/uploads\\\/2023\\\/05\\\/shutterstock_1824524468-scaled.jpg\",\"datePublished\":\"2023-05-30T14:21:58+00:00\",\"dateModified\":\"2023-07-10T12:36:38+00:00\",\"description\":\"Le titulaire d'une page de r\u00e9seau social peut \u00eatre responsable des commentaires haineux qui y sont publi\u00e9s par des tiers\",\"breadcrumb\":{\"@id\":\"https:\\\/\\\/feral.law\\\/en\\\/publications\\\/la-condamnation-du-titulaire-dune-page-facebook-en-raison-de-commentaires-haineux-publies-par-des-tiers-ne-viole-pas-la-liberte-dexpression\\\/#breadcrumb\"},\"inLanguage\":\"en-US\",\"potentialAction\":[{\"@type\":\"ReadAction\",\"target\":[\"https:\\\/\\\/feral.law\\\/en\\\/publications\\\/la-condamnation-du-titulaire-dune-page-facebook-en-raison-de-commentaires-haineux-publies-par-des-tiers-ne-viole-pas-la-liberte-dexpression\\\/\"]}]},{\"@type\":\"ImageObject\",\"inLanguage\":\"en-US\",\"@id\":\"https:\\\/\\\/feral.law\\\/en\\\/publications\\\/la-condamnation-du-titulaire-dune-page-facebook-en-raison-de-commentaires-haineux-publies-par-des-tiers-ne-viole-pas-la-liberte-dexpression\\\/#primaryimage\",\"url\":\"https:\\\/\\\/feral.law\\\/wp-content\\\/uploads\\\/2023\\\/05\\\/shutterstock_1824524468-scaled.jpg\",\"contentUrl\":\"https:\\\/\\\/feral.law\\\/wp-content\\\/uploads\\\/2023\\\/05\\\/shutterstock_1824524468-scaled.jpg\",\"width\":2560,\"height\":1760},{\"@type\":\"BreadcrumbList\",\"@id\":\"https:\\\/\\\/feral.law\\\/en\\\/publications\\\/la-condamnation-du-titulaire-dune-page-facebook-en-raison-de-commentaires-haineux-publies-par-des-tiers-ne-viole-pas-la-liberte-dexpression\\\/#breadcrumb\",\"itemListElement\":[{\"@type\":\"ListItem\",\"position\":1,\"name\":\"Accueil\",\"item\":\"https:\\\/\\\/feral.law\\\/en\\\/\"},{\"@type\":\"ListItem\",\"position\":2,\"name\":\"La condamnation du titulaire d\u2019une page Facebook en raison de commentaires haineux publi\u00e9s par des tiers ne viole pas la libert\u00e9 d\u2019expression\"}]},{\"@type\":\"WebSite\",\"@id\":\"https:\\\/\\\/feral.law\\\/en\\\/#website\",\"url\":\"https:\\\/\\\/feral.law\\\/en\\\/\",\"name\":\"F\u00e9ral\",\"description\":\"Des avocats, des solutions, des r\u00e9sultats.\",\"publisher\":{\"@id\":\"https:\\\/\\\/feral.law\\\/en\\\/#organization\"},\"potentialAction\":[{\"@type\":\"SearchAction\",\"target\":{\"@type\":\"EntryPoint\",\"urlTemplate\":\"https:\\\/\\\/feral.law\\\/en\\\/?s={search_term_string}\"},\"query-input\":{\"@type\":\"PropertyValueSpecification\",\"valueRequired\":true,\"valueName\":\"search_term_string\"}}],\"inLanguage\":\"en-US\"},{\"@type\":\"Organization\",\"@id\":\"https:\\\/\\\/feral.law\\\/en\\\/#organization\",\"name\":\"F\u00e9ral\",\"url\":\"https:\\\/\\\/feral.law\\\/en\\\/\",\"logo\":{\"@type\":\"ImageObject\",\"inLanguage\":\"en-US\",\"@id\":\"https:\\\/\\\/feral.law\\\/en\\\/#\\\/schema\\\/logo\\\/image\\\/\",\"url\":\"https:\\\/\\\/feral.law\\\/wp-content\\\/uploads\\\/2022\\\/01\\\/logo2.svg\",\"contentUrl\":\"https:\\\/\\\/feral.law\\\/wp-content\\\/uploads\\\/2022\\\/01\\\/logo2.svg\",\"width\":192,\"height\":48,\"caption\":\"F\u00e9ral\"},\"image\":{\"@id\":\"https:\\\/\\\/feral.law\\\/en\\\/#\\\/schema\\\/logo\\\/image\\\/\"}}]}<\/script>\n<!-- \/ Yoast SEO plugin. -->","yoast_head_json":{"title":"Haine en ligne : responsabilit\u00e9 face \u00e0 l'absence de mod\u00e9ration","description":"Le titulaire d'une page de r\u00e9seau social peut \u00eatre responsable des commentaires haineux qui y sont publi\u00e9s par des tiers","robots":{"index":"index","follow":"follow","max-snippet":"max-snippet:-1","max-image-preview":"max-image-preview:large","max-video-preview":"max-video-preview:-1"},"canonical":"https:\/\/feral.law\/en\/publications\/la-condamnation-du-titulaire-dune-page-facebook-en-raison-de-commentaires-haineux-publies-par-des-tiers-ne-viole-pas-la-liberte-dexpression\/","og_locale":"en_US","og_type":"article","og_title":"Haine en ligne : responsabilit\u00e9 face \u00e0 l'absence de mod\u00e9ration","og_description":"Le titulaire d'une page de r\u00e9seau social peut \u00eatre responsable des commentaires haineux qui y sont publi\u00e9s par des tiers","og_url":"https:\/\/feral.law\/en\/publications\/la-condamnation-du-titulaire-dune-page-facebook-en-raison-de-commentaires-haineux-publies-par-des-tiers-ne-viole-pas-la-liberte-dexpression\/","og_site_name":"F\u00e9ral","article_modified_time":"2023-07-10T12:36:38+00:00","og_image":[{"width":2560,"height":1760,"url":"https:\/\/feral.law\/wp-content\/uploads\/2023\/05\/shutterstock_1824524468-scaled.jpg","type":"image\/jpeg"}],"twitter_card":"summary_large_image","twitter_misc":{"Est. reading time":"4 minutes"},"schema":{"@context":"https:\/\/schema.org","@graph":[{"@type":"WebPage","@id":"https:\/\/feral.law\/en\/publications\/la-condamnation-du-titulaire-dune-page-facebook-en-raison-de-commentaires-haineux-publies-par-des-tiers-ne-viole-pas-la-liberte-dexpression\/","url":"https:\/\/feral.law\/en\/publications\/la-condamnation-du-titulaire-dune-page-facebook-en-raison-de-commentaires-haineux-publies-par-des-tiers-ne-viole-pas-la-liberte-dexpression\/","name":"Haine en ligne : responsabilit\u00e9 face \u00e0 l'absence de mod\u00e9ration","isPartOf":{"@id":"https:\/\/feral.law\/en\/#website"},"primaryImageOfPage":{"@id":"https:\/\/feral.law\/en\/publications\/la-condamnation-du-titulaire-dune-page-facebook-en-raison-de-commentaires-haineux-publies-par-des-tiers-ne-viole-pas-la-liberte-dexpression\/#primaryimage"},"image":{"@id":"https:\/\/feral.law\/en\/publications\/la-condamnation-du-titulaire-dune-page-facebook-en-raison-de-commentaires-haineux-publies-par-des-tiers-ne-viole-pas-la-liberte-dexpression\/#primaryimage"},"thumbnailUrl":"https:\/\/feral.law\/wp-content\/uploads\/2023\/05\/shutterstock_1824524468-scaled.jpg","datePublished":"2023-05-30T14:21:58+00:00","dateModified":"2023-07-10T12:36:38+00:00","description":"Le titulaire d'une page de r\u00e9seau social peut \u00eatre responsable des commentaires haineux qui y sont publi\u00e9s par des tiers","breadcrumb":{"@id":"https:\/\/feral.law\/en\/publications\/la-condamnation-du-titulaire-dune-page-facebook-en-raison-de-commentaires-haineux-publies-par-des-tiers-ne-viole-pas-la-liberte-dexpression\/#breadcrumb"},"inLanguage":"en-US","potentialAction":[{"@type":"ReadAction","target":["https:\/\/feral.law\/en\/publications\/la-condamnation-du-titulaire-dune-page-facebook-en-raison-de-commentaires-haineux-publies-par-des-tiers-ne-viole-pas-la-liberte-dexpression\/"]}]},{"@type":"ImageObject","inLanguage":"en-US","@id":"https:\/\/feral.law\/en\/publications\/la-condamnation-du-titulaire-dune-page-facebook-en-raison-de-commentaires-haineux-publies-par-des-tiers-ne-viole-pas-la-liberte-dexpression\/#primaryimage","url":"https:\/\/feral.law\/wp-content\/uploads\/2023\/05\/shutterstock_1824524468-scaled.jpg","contentUrl":"https:\/\/feral.law\/wp-content\/uploads\/2023\/05\/shutterstock_1824524468-scaled.jpg","width":2560,"height":1760},{"@type":"BreadcrumbList","@id":"https:\/\/feral.law\/en\/publications\/la-condamnation-du-titulaire-dune-page-facebook-en-raison-de-commentaires-haineux-publies-par-des-tiers-ne-viole-pas-la-liberte-dexpression\/#breadcrumb","itemListElement":[{"@type":"ListItem","position":1,"name":"Accueil","item":"https:\/\/feral.law\/en\/"},{"@type":"ListItem","position":2,"name":"La condamnation du titulaire d\u2019une page Facebook en raison de commentaires haineux publi\u00e9s par des tiers ne viole pas la libert\u00e9 d\u2019expression"}]},{"@type":"WebSite","@id":"https:\/\/feral.law\/en\/#website","url":"https:\/\/feral.law\/en\/","name":"F\u00e9ral","description":"Des avocats, des solutions, des r\u00e9sultats.","publisher":{"@id":"https:\/\/feral.law\/en\/#organization"},"potentialAction":[{"@type":"SearchAction","target":{"@type":"EntryPoint","urlTemplate":"https:\/\/feral.law\/en\/?s={search_term_string}"},"query-input":{"@type":"PropertyValueSpecification","valueRequired":true,"valueName":"search_term_string"}}],"inLanguage":"en-US"},{"@type":"Organization","@id":"https:\/\/feral.law\/en\/#organization","name":"F\u00e9ral","url":"https:\/\/feral.law\/en\/","logo":{"@type":"ImageObject","inLanguage":"en-US","@id":"https:\/\/feral.law\/en\/#\/schema\/logo\/image\/","url":"https:\/\/feral.law\/wp-content\/uploads\/2022\/01\/logo2.svg","contentUrl":"https:\/\/feral.law\/wp-content\/uploads\/2022\/01\/logo2.svg","width":192,"height":48,"caption":"F\u00e9ral"},"image":{"@id":"https:\/\/feral.law\/en\/#\/schema\/logo\/image\/"}}]}},"_links":{"self":[{"href":"https:\/\/feral.law\/en\/wp-json\/wp\/v2\/publication\/18405","targetHints":{"allow":["GET"]}}],"collection":[{"href":"https:\/\/feral.law\/en\/wp-json\/wp\/v2\/publication"}],"about":[{"href":"https:\/\/feral.law\/en\/wp-json\/wp\/v2\/types\/publication"}],"wp:featuredmedia":[{"embeddable":true,"href":"https:\/\/feral.law\/en\/wp-json\/wp\/v2\/media\/18406"}],"wp:attachment":[{"href":"https:\/\/feral.law\/en\/wp-json\/wp\/v2\/media?parent=18405"}],"wp:term":[{"taxonomy":"expertises2","embeddable":true,"href":"https:\/\/feral.law\/en\/wp-json\/wp\/v2\/expertises2?post=18405"}],"curies":[{"name":"wp","href":"https:\/\/api.w.org\/{rel}","templated":true}]}}