{"id":18236,"date":"2022-12-14T11:35:30","date_gmt":"2022-12-14T10:35:30","guid":{"rendered":"https:\/\/feral.law\/?post_type=publication&#038;p=18236"},"modified":"2023-02-17T15:31:46","modified_gmt":"2023-02-17T14:31:46","slug":"labsence-detancheite-du-reseau-de-distribution-selective-ne-permet-pas-au-tiers-de-sexempter-de-la-responsabilite-encourue-pour-revente-parallele","status":"publish","type":"publication","link":"https:\/\/feral.law\/en\/publications\/labsence-detancheite-du-reseau-de-distribution-selective-ne-permet-pas-au-tiers-de-sexempter-de-la-responsabilite-encourue-pour-revente-parallele\/","title":{"rendered":"L&#8217;absence d&#8217;\u00e9tanch\u00e9it\u00e9 du r\u00e9seau de distribution s\u00e9lective ne permet pas au tiers de s&#8217;exempter de la responsabilit\u00e9 encourue pour revente parall\u00e8le"},"content":{"rendered":"\n<p><strong><em>Dans un arr\u00eat du 9 novembre 2022, la Cour d\u2019appel de Paris a condamn\u00e9 la soci\u00e9t\u00e9 Brico Priv\u00e9 pour avoir commercialis\u00e9 parall\u00e8lement des produits relevant d\u2019un r\u00e9seau de distribution s\u00e9lective, r\u00e9alisant ainsi des actes de concurrence d\u00e9loyale et parasitaire.&nbsp;<\/em><\/strong><strong><\/strong><\/p>\n\n\n\n<p>La soci\u00e9t\u00e9 Husqvarna est l\u2019un des principaux acteurs du secteur des \u00e9quipements de jardinage, dont elle assure une partie de la commercialisation en France, par des revendeurs qu\u2019elle s\u00e9lectionne.&nbsp;<\/p>\n\n\n\n<p>Husqvarna a d\u00e9couvert, en 2013, que la soci\u00e9t\u00e9 Brico Priv\u00e9, sp\u00e9cialis\u00e9e dans la vente en ligne d\u2019articles de bricolage et jardinage, commercialisait sur son site Internet certains de ses produits, alors m\u00eame qu\u2019elle ne faisait pas partie de son r\u00e9seau de distribution s\u00e9lective.&nbsp;<\/p>\n\n\n\n<p>Elle a donc mis en demeure la soci\u00e9t\u00e9 Brico Priv\u00e9 de justifier de la lic\u00e9it\u00e9 de ses approvisionnements.&nbsp;<\/p>\n\n\n\n<p>Apr\u00e8s avoir constat\u00e9 de nouvelles ventes parall\u00e8les de ses produits en 2018, Husqvana a assign\u00e9 la soci\u00e9t\u00e9 Brico Priv\u00e9 devant le Tribunal de commerce de Paris. Elle demandait notamment la condamnation de Brico Priv\u00e9 pour avoir viol\u00e9 l\u2019interdiction de revente hors r\u00e9seau de ses produits.&nbsp;<\/p>\n\n\n\n<p>Dans un arr\u00eat du 9 novembre 2022, la Cour d\u2019appel de Paris a confirm\u00e9 le jugement du Tribunal de commerce de Paris et condamn\u00e9 Brico Priv\u00e9 \u00e0 verser \u00e0 Husqvarna la somme de 500.000 euros en r\u00e9paration du pr\u00e9judice caus\u00e9 par la violation du r\u00e9seau de distribution s\u00e9lective et par les actes de concurrence d\u00e9loyale et parasitaire.&nbsp;<\/p>\n\n\n\n<h3 class=\"wp-block-heading\">Le revendeur parall\u00e8le engage sa responsabilit\u00e9 lorsqu\u2019il a connaissance du r\u00e9seau de distribution s\u00e9lective qu\u2019il viole<\/h3>\n\n\n\n<p>L\u2018ancien article L.442-6, I, 6\u00b0 du Code de commerce condamne le fait \u00ab&nbsp;<em>de participer directement ou indirectement \u00e0 la violation de l\u2019interdiction de revente hors r\u00e9seau faite au distributeur par un accord de distribution s\u00e9lective (\u2026)<\/em>&nbsp;\u00bb.&nbsp;<\/p>\n\n\n\n<p>Un r\u00e9seau de distribution s\u00e9lective est un r\u00e9seau dans lequel l\u2019organisateur destine la commercialisation de certains produits \u00e0 des distributeurs agr\u00e9\u00e9s, s\u00e9lectionn\u00e9s sur la base de crit\u00e8res pr\u00e9d\u00e9finis et objectifs<sup><a href=\"#20221214nbp1\">[1]<\/a><\/sup>.\u00a0<\/p>\n\n\n\n<p>L\u2019organisateur d\u2019un tel r\u00e9seau est prot\u00e9g\u00e9 contre les reventes par des tiers non agr\u00e9\u00e9s que dans la mesure o\u00f9 son r\u00e9seau est licite. Il lui appartiendra alors d\u2019en d\u00e9montrer la lic\u00e9it\u00e9 en cas de litige.&nbsp;<\/p>\n\n\n\n<p>La jurisprudence consid\u00e8re qu\u2019un r\u00e9seau est licite lorsqu\u2019il respecte trois conditions cumulatives, \u00e0 savoir&nbsp;:&nbsp;&nbsp;<\/p>\n\n\n\n<ul class=\"wp-block-list\">\n<li>Le choix des revendeurs est op\u00e9r\u00e9 en fonction de crit\u00e8res objectifs de caract\u00e8re qualitatif, fix\u00e9s de mani\u00e8re uniforme \u00e0 l\u2019\u00e9gard de tous et appliqu\u00e9s de fa\u00e7on non discriminatoire ;&nbsp;<\/li>\n\n\n\n<li>Les propri\u00e9t\u00e9s du produit en cause n\u00e9cessitent, pour en pr\u00e9server la qualit\u00e9 et en assurer le bon usage, un tel r\u00e9seau de distribution&nbsp;;<\/li>\n\n\n\n<li>Les crit\u00e8res de choix pr\u00e9d\u00e9finis ne vont pas aller au-del\u00e0 de ce qui est n\u00e9cessaire.\u00a0<\/li>\n<\/ul>\n\n\n\n<p><\/p>\n\n\n\n<p>En l\u2019esp\u00e8ce, les juges ont appr\u00e9ci\u00e9&nbsp;<em>in concreto<\/em>&nbsp;chacun de ces crit\u00e8res. Ils ont alors relev\u00e9 que les produits d\u2019Husqvarna pr\u00e9sentaient une certaine technicit\u00e9 et pouvaient pr\u00e9senter des risques. Leur commercialisation n\u00e9cessitait donc l\u2019existence de services d\u2019assistance et de conseil.<\/p>\n\n\n\n<p>La Cour a \u00e9galement relev\u00e9 que les distributeurs avaient \u00e9t\u00e9 choisis sur la base de crit\u00e8res pr\u00e9cis et objectifs tels que leur \u00ab&nbsp;<em>qualification, la qualit\u00e9 du point de vente, l\u2019environnement, les possibilit\u00e9s de stockage des produits<\/em>&nbsp;\u00bb.<\/p>\n\n\n\n<p>Brico Priv\u00e9 consid\u00e9rait que le choix des revendeurs par Husqvarna reposait sur des crit\u00e8res non objectifs et opposait que son site Internet remplissait la majorit\u00e9 des crit\u00e8res de s\u00e9lection du r\u00e9seau.&nbsp;<\/p>\n\n\n\n<p>La Cour n\u2019a pas accueilli cet argument et a consid\u00e9r\u00e9 qu\u2019il ne permettait pas de d\u00e9montrer un manque d\u2019objectivit\u00e9 de l\u2019organisateur du r\u00e9seau, et ce d\u2019autant plus que Brico Priv\u00e9 ne d\u00e9montrait pas lui avoir soumis une demande d\u2019agr\u00e9ment.<\/p>\n\n\n\n<p>Les juges ont alors conclu que le r\u00e9seau \u00e9tait licite.&nbsp;<\/p>\n\n\n\n<p>Pour autant, m\u00eame en pr\u00e9sence d\u2019un r\u00e9seau licite, le seul fait de commercialiser des produits appartenant \u00e0 un r\u00e9seau de distribution s\u00e9lective n\u2019est pas une faute en soi. La jurisprudence condamne en effet le fait de vendre de tels produits en connaissance de l\u2019existence d\u2019un r\u00e9seau de distribution s\u00e9lective.<\/p>\n\n\n\n<p>En l\u2019esp\u00e8ce, la Cour a relev\u00e9 que Brico Priv\u00e9 s\u2019\u00e9tait approvisionn\u00e9e aupr\u00e8s de deux distributeurs agr\u00e9es d\u2019Husqvarna et qui affichaient clairement cette qualit\u00e9 sur leurs sites Internet.&nbsp;<\/p>\n\n\n\n<p>Pour les juges, Brico Priv\u00e9 ne pouvait ignorer l\u2019existence du r\u00e9seau et de l\u2019interdiction de revente en dehors de ce dernier.&nbsp;<\/p>\n\n\n\n<h3 class=\"wp-block-heading\">Un r\u00e9seau de distribution s\u00e9lective est opposable aux tiers m\u00eame en l\u2019absence d\u2019\u00e9tanch\u00e9it\u00e9\u00a0<\/h3>\n\n\n\n<p>Brico Priv\u00e9 soutenait pour sa d\u00e9fense que les produits de Husqvarna \u00e9taient \u00e9galement vendus sur d\u2019autres sites Internet, tels qu\u2019Amazon, qui ne b\u00e9n\u00e9ficiaient pas non plus d\u2019agr\u00e9ment et pointait en cons\u00e9quence l\u2019absence d\u2019\u00e9tanch\u00e9it\u00e9 du r\u00e9seau<sup><a href=\"#20221214nbp2\">[2]<\/a><\/sup>.\u00a0<\/p>\n\n\n\n<p>La Cour d\u2019appel a rejet\u00e9 cet argument et relev\u00e9 que \u00ab&nbsp;<em>l\u2019\u00e9tanch\u00e9it\u00e9 du r\u00e9seau de distribution s\u00e9lective n\u2019est pas une condition de sa validit\u00e9 et de son opposabilit\u00e9 aux tiers<\/em>&nbsp;\u00bb.&nbsp;<\/p>\n\n\n\n<p>Elle a \u00e9galement relev\u00e9 que Brico Priv\u00e9 ne d\u00e9montrait pas l\u2019absence de vigilance de l\u2019organisateur du r\u00e9seau pour prot\u00e9ger l\u2019\u00e9tanch\u00e9it\u00e9 juridique de ce dernier.&nbsp;<\/p>\n\n\n\n<p>Aussi, l\u2019existence d\u2019autres violations du r\u00e9seau mettant en cause son \u00e9tanch\u00e9it\u00e9 ne pouvait permettre \u00e0 la soci\u00e9t\u00e9 Brico Priv\u00e9 de s\u2019exon\u00e9rer de sa responsabilit\u00e9 dans le cadre de la revente hors r\u00e9seau qu\u2019elle a commise.&nbsp;<\/p>\n\n\n\n<h3 class=\"wp-block-heading\">La vente hors r\u00e9seau peut \u00eatre constitutive de concurrence d\u00e9loyale et parasitaire<\/h3>\n\n\n\n<p>Husqvarna sollicitait \u00e9galement la condamnation de Brico Priv\u00e9 du fait d\u2019actes de concurrence d\u00e9loyale et parasitaire all\u00e9gu\u00e9s.&nbsp;<\/p>\n\n\n\n<p>La Cour d\u2019appel a tout d\u2019abord rappel\u00e9 que l\u2019irr\u00e9gularit\u00e9 des conditions de revente par un distributeur hors r\u00e9seau a pour effet de placer ce distributeur dans une \u00ab&nbsp;<em>situation anormalement favorable par rapport aux distributeurs agr\u00e9\u00e9s<\/em>&nbsp;\u00bb.&nbsp;<\/p>\n\n\n\n<p>En l\u2019esp\u00e8ce, les juges ont relev\u00e9 que la soci\u00e9t\u00e9 Brico Priv\u00e9 ne respectait pas les crit\u00e8res de qualit\u00e9 qui s\u2019imposaient aux distributeurs agr\u00e9\u00e9s, ce qui lui permettait de r\u00e9aliser des \u00e9conomies substantielles.&nbsp;<\/p>\n\n\n\n<p>Les juges d\u2019appel ont encore soulign\u00e9 que certains consommateurs pensaient que Brico Priv\u00e9 faisait partie du r\u00e9seau, de sorte que Husqvarna y \u00e9tait associ\u00e9e et subissait une atteinte \u00e0 l\u2019image de sa marque et de son r\u00e9seau, notamment en raison des critiques que rencontraient fr\u00e9quemment Brico Priv\u00e9 sur la qualit\u00e9 de ses services.&nbsp;<\/p>\n\n\n\n<p>Cette atteinte \u00e0 la marque et au prestige du r\u00e9seau \u00e9tait \u00e9galement renforc\u00e9e par le non-respect du RGPD par la soci\u00e9t\u00e9 Brico Priv\u00e9, laquelle avait d\u2019ailleurs \u00e9t\u00e9 sanctionn\u00e9e par la CNIL en 2021<sup><a href=\"#20221214nbp3\">[3]<\/a><\/sup>.<\/p>\n\n\n\n<p>Enfin, en commercialisant des produits Husqvarna en dehors des r\u00e8gles du contrat de distribution, la Cour a consid\u00e9r\u00e9 que la soci\u00e9t\u00e9 Brico Priv\u00e9 avait commis des actes parasitaires en se pla\u00e7ant dans le sillage du r\u00e9seau afin de b\u00e9n\u00e9ficier de la notori\u00e9t\u00e9 et des investissements promotionnels de la soci\u00e9t\u00e9 Husqvarna.&nbsp;<\/p>\n\n\n\n<p>La soci\u00e9t\u00e9 Brico Priv\u00e9 a ainsi \u00e9t\u00e9 condamn\u00e9e \u00e0 r\u00e9parer le pr\u00e9judice caus\u00e9 \u00e0 la soci\u00e9t\u00e9 Husqvarna du fait des ventes illicites litigieuses, constitutives d\u2019actes de concurrence d\u00e9loyale et parasitaire.&nbsp;<\/p>\n\n\n\n<h3 class=\"wp-block-heading\">Que retenir de cet arr\u00eat\u00a0?<\/h3>\n\n\n\n<p>La soci\u00e9t\u00e9 qui vend des produits hors r\u00e9seau, en connaissance de l\u2019existence de ce r\u00e9seau de distribution s\u00e9lective, engage sa responsabilit\u00e9 m\u00eame en pr\u00e9sence d\u2019autres violations pouvant remettre en cause l\u2018\u00e9tanch\u00e9it\u00e9 du r\u00e9seau.<\/p>\n\n\n\n<p><em>Lire l\u2019arr\u00eat de la Cour d\u2019appel de Paris n\u00b021\/00180 du 9 novembre 2022 sur\u00a0<\/em><a href=\"https:\/\/www.dalloz.fr\/documentation\/Document?id=CA_PARIS_2022-11-09_2100180\"><em>Dalloz<\/em><\/a><\/p>\n\n\n\n<p><\/p>\n\n\n\n<hr class=\"wp-block-separator has-alpha-channel-opacity\" \/>\n\n\n\n<p><\/p>\n\n\n\n<p id=\"20221214nbp1\"><sup>[1]<\/sup>\u00a0Article 1, e du r\u00e8glement (UE) n\u00b0330\/2010 du 20 avril 2010 d\u00e9finit la distribution s\u00e9lective comme<em>\u00a0<\/em>\u00ab<em>\u00a0un syst\u00e8me de distribution dans lequel le fournisseur s\u2019engage \u00e0 ne vendre les biens ou les services contractuels, directement ou indirectement, qu\u2019\u00e0 des distributeurs s\u00e9lectionn\u00e9s sur la base de crit\u00e8res d\u00e9finis, et dans lequel ces distributeurs s\u2019engagent \u00e0 ne pas vendre ces biens ou ces services \u00e0 des distributeurs non agr\u00e9\u00e9s dans le territoire r\u00e9serv\u00e9 par le fournisseur pour l\u2019op\u00e9ration de ce syst\u00e8me\u00a0<\/em>\u00bb.<\/p>\n\n\n\n<p id=\"20221214nbp2\"><sup>[2]<\/sup>\u00a0Un r\u00e9seau \u00e9tanche d\u00e9signe un r\u00e9seau qui ne tol\u00e8re aucune commercialisation des produits par un op\u00e9rateur non agr\u00e9\u00e9 par le distributeur.<\/p>\n\n\n\n<p id=\"20221214nbp3\"><sup>[3]<\/sup>\u00a0D\u00e9lib\u00e9ration de la formation restreinte de la CNIL n\u00b0<a href=\"https:\/\/www.legifrance.gouv.fr\/cnil\/id\/CNILTEXT000043668709\">SAN-2021-008<\/a>\u00a0du 14 juin 2021.<\/p>\n","protected":false},"featured_media":18237,"menu_order":0,"template":"","expertises2":[6704],"class_list":["post-18236","publication","type-publication","status-publish","has-post-thumbnail","hentry","expertises2-distribution-franchise-conformite"],"yoast_head":"<!-- This site is optimized with the Yoast SEO plugin v27.4 - https:\/\/yoast.com\/product\/yoast-seo-wordpress\/ -->\n<title>Distribution s\u00e9lective : appr\u00e9ciation de la validit\u00e9 d\u2019un r\u00e9seau sur Internet<\/title>\n<meta name=\"description\" content=\"La revente parall\u00e8le sur Internet engage la responsabilit\u00e9 de son auteur quand bien m\u00eame le r\u00e9seau n\u2019est pas \u00e9tanche\" \/>\n<meta name=\"robots\" content=\"index, follow, max-snippet:-1, max-image-preview:large, max-video-preview:-1\" \/>\n<link rel=\"canonical\" href=\"https:\/\/feral.law\/en\/publications\/labsence-detancheite-du-reseau-de-distribution-selective-ne-permet-pas-au-tiers-de-sexempter-de-la-responsabilite-encourue-pour-revente-parallele\/\" \/>\n<meta property=\"og:locale\" content=\"en_US\" \/>\n<meta property=\"og:type\" content=\"article\" \/>\n<meta property=\"og:title\" content=\"Distribution s\u00e9lective : appr\u00e9ciation de la validit\u00e9 d\u2019un r\u00e9seau sur Internet\" \/>\n<meta property=\"og:description\" content=\"La revente parall\u00e8le sur Internet engage la responsabilit\u00e9 de son auteur quand bien m\u00eame le r\u00e9seau n\u2019est pas \u00e9tanche\" \/>\n<meta property=\"og:url\" content=\"https:\/\/feral.law\/en\/publications\/labsence-detancheite-du-reseau-de-distribution-selective-ne-permet-pas-au-tiers-de-sexempter-de-la-responsabilite-encourue-pour-revente-parallele\/\" \/>\n<meta property=\"og:site_name\" content=\"F\u00e9ral\" \/>\n<meta property=\"article:modified_time\" content=\"2023-02-17T14:31:46+00:00\" \/>\n<meta property=\"og:image\" content=\"https:\/\/feral.law\/wp-content\/uploads\/2022\/12\/shutterstock_1749078512-scaled.jpg\" \/>\n\t<meta property=\"og:image:width\" content=\"2560\" \/>\n\t<meta property=\"og:image:height\" content=\"1281\" \/>\n\t<meta property=\"og:image:type\" content=\"image\/jpeg\" \/>\n<meta name=\"twitter:card\" content=\"summary_large_image\" \/>\n<meta name=\"twitter:label1\" content=\"Est. reading time\" \/>\n\t<meta name=\"twitter:data1\" content=\"8 minutes\" \/>\n<script type=\"application\/ld+json\" class=\"yoast-schema-graph\">{\"@context\":\"https:\\\/\\\/schema.org\",\"@graph\":[{\"@type\":\"WebPage\",\"@id\":\"https:\\\/\\\/feral.law\\\/en\\\/publications\\\/labsence-detancheite-du-reseau-de-distribution-selective-ne-permet-pas-au-tiers-de-sexempter-de-la-responsabilite-encourue-pour-revente-parallele\\\/\",\"url\":\"https:\\\/\\\/feral.law\\\/en\\\/publications\\\/labsence-detancheite-du-reseau-de-distribution-selective-ne-permet-pas-au-tiers-de-sexempter-de-la-responsabilite-encourue-pour-revente-parallele\\\/\",\"name\":\"Distribution s\u00e9lective : appr\u00e9ciation de la validit\u00e9 d\u2019un r\u00e9seau sur Internet\",\"isPartOf\":{\"@id\":\"https:\\\/\\\/feral.law\\\/en\\\/#website\"},\"primaryImageOfPage\":{\"@id\":\"https:\\\/\\\/feral.law\\\/en\\\/publications\\\/labsence-detancheite-du-reseau-de-distribution-selective-ne-permet-pas-au-tiers-de-sexempter-de-la-responsabilite-encourue-pour-revente-parallele\\\/#primaryimage\"},\"image\":{\"@id\":\"https:\\\/\\\/feral.law\\\/en\\\/publications\\\/labsence-detancheite-du-reseau-de-distribution-selective-ne-permet-pas-au-tiers-de-sexempter-de-la-responsabilite-encourue-pour-revente-parallele\\\/#primaryimage\"},\"thumbnailUrl\":\"https:\\\/\\\/feral.law\\\/wp-content\\\/uploads\\\/2022\\\/12\\\/shutterstock_1749078512-scaled.jpg\",\"datePublished\":\"2022-12-14T10:35:30+00:00\",\"dateModified\":\"2023-02-17T14:31:46+00:00\",\"description\":\"La revente parall\u00e8le sur Internet engage la responsabilit\u00e9 de son auteur quand bien m\u00eame le r\u00e9seau n\u2019est pas \u00e9tanche\",\"breadcrumb\":{\"@id\":\"https:\\\/\\\/feral.law\\\/en\\\/publications\\\/labsence-detancheite-du-reseau-de-distribution-selective-ne-permet-pas-au-tiers-de-sexempter-de-la-responsabilite-encourue-pour-revente-parallele\\\/#breadcrumb\"},\"inLanguage\":\"en-US\",\"potentialAction\":[{\"@type\":\"ReadAction\",\"target\":[\"https:\\\/\\\/feral.law\\\/en\\\/publications\\\/labsence-detancheite-du-reseau-de-distribution-selective-ne-permet-pas-au-tiers-de-sexempter-de-la-responsabilite-encourue-pour-revente-parallele\\\/\"]}]},{\"@type\":\"ImageObject\",\"inLanguage\":\"en-US\",\"@id\":\"https:\\\/\\\/feral.law\\\/en\\\/publications\\\/labsence-detancheite-du-reseau-de-distribution-selective-ne-permet-pas-au-tiers-de-sexempter-de-la-responsabilite-encourue-pour-revente-parallele\\\/#primaryimage\",\"url\":\"https:\\\/\\\/feral.law\\\/wp-content\\\/uploads\\\/2022\\\/12\\\/shutterstock_1749078512-scaled.jpg\",\"contentUrl\":\"https:\\\/\\\/feral.law\\\/wp-content\\\/uploads\\\/2022\\\/12\\\/shutterstock_1749078512-scaled.jpg\",\"width\":2560,\"height\":1281},{\"@type\":\"BreadcrumbList\",\"@id\":\"https:\\\/\\\/feral.law\\\/en\\\/publications\\\/labsence-detancheite-du-reseau-de-distribution-selective-ne-permet-pas-au-tiers-de-sexempter-de-la-responsabilite-encourue-pour-revente-parallele\\\/#breadcrumb\",\"itemListElement\":[{\"@type\":\"ListItem\",\"position\":1,\"name\":\"Accueil\",\"item\":\"https:\\\/\\\/feral.law\\\/en\\\/\"},{\"@type\":\"ListItem\",\"position\":2,\"name\":\"L&rsquo;absence d&rsquo;\u00e9tanch\u00e9it\u00e9 du r\u00e9seau de distribution s\u00e9lective ne permet pas au tiers de s&rsquo;exempter de la responsabilit\u00e9 encourue pour revente parall\u00e8le\"}]},{\"@type\":\"WebSite\",\"@id\":\"https:\\\/\\\/feral.law\\\/en\\\/#website\",\"url\":\"https:\\\/\\\/feral.law\\\/en\\\/\",\"name\":\"F\u00e9ral\",\"description\":\"Des avocats, des solutions, des r\u00e9sultats.\",\"publisher\":{\"@id\":\"https:\\\/\\\/feral.law\\\/en\\\/#organization\"},\"potentialAction\":[{\"@type\":\"SearchAction\",\"target\":{\"@type\":\"EntryPoint\",\"urlTemplate\":\"https:\\\/\\\/feral.law\\\/en\\\/?s={search_term_string}\"},\"query-input\":{\"@type\":\"PropertyValueSpecification\",\"valueRequired\":true,\"valueName\":\"search_term_string\"}}],\"inLanguage\":\"en-US\"},{\"@type\":\"Organization\",\"@id\":\"https:\\\/\\\/feral.law\\\/en\\\/#organization\",\"name\":\"F\u00e9ral\",\"url\":\"https:\\\/\\\/feral.law\\\/en\\\/\",\"logo\":{\"@type\":\"ImageObject\",\"inLanguage\":\"en-US\",\"@id\":\"https:\\\/\\\/feral.law\\\/en\\\/#\\\/schema\\\/logo\\\/image\\\/\",\"url\":\"https:\\\/\\\/feral.law\\\/wp-content\\\/uploads\\\/2022\\\/01\\\/logo2.svg\",\"contentUrl\":\"https:\\\/\\\/feral.law\\\/wp-content\\\/uploads\\\/2022\\\/01\\\/logo2.svg\",\"width\":192,\"height\":48,\"caption\":\"F\u00e9ral\"},\"image\":{\"@id\":\"https:\\\/\\\/feral.law\\\/en\\\/#\\\/schema\\\/logo\\\/image\\\/\"}}]}<\/script>\n<!-- \/ Yoast SEO plugin. -->","yoast_head_json":{"title":"Distribution s\u00e9lective : appr\u00e9ciation de la validit\u00e9 d\u2019un r\u00e9seau sur Internet","description":"La revente parall\u00e8le sur Internet engage la responsabilit\u00e9 de son auteur quand bien m\u00eame le r\u00e9seau n\u2019est pas \u00e9tanche","robots":{"index":"index","follow":"follow","max-snippet":"max-snippet:-1","max-image-preview":"max-image-preview:large","max-video-preview":"max-video-preview:-1"},"canonical":"https:\/\/feral.law\/en\/publications\/labsence-detancheite-du-reseau-de-distribution-selective-ne-permet-pas-au-tiers-de-sexempter-de-la-responsabilite-encourue-pour-revente-parallele\/","og_locale":"en_US","og_type":"article","og_title":"Distribution s\u00e9lective : appr\u00e9ciation de la validit\u00e9 d\u2019un r\u00e9seau sur Internet","og_description":"La revente parall\u00e8le sur Internet engage la responsabilit\u00e9 de son auteur quand bien m\u00eame le r\u00e9seau n\u2019est pas \u00e9tanche","og_url":"https:\/\/feral.law\/en\/publications\/labsence-detancheite-du-reseau-de-distribution-selective-ne-permet-pas-au-tiers-de-sexempter-de-la-responsabilite-encourue-pour-revente-parallele\/","og_site_name":"F\u00e9ral","article_modified_time":"2023-02-17T14:31:46+00:00","og_image":[{"width":2560,"height":1281,"url":"https:\/\/feral.law\/wp-content\/uploads\/2022\/12\/shutterstock_1749078512-scaled.jpg","type":"image\/jpeg"}],"twitter_card":"summary_large_image","twitter_misc":{"Est. reading time":"8 minutes"},"schema":{"@context":"https:\/\/schema.org","@graph":[{"@type":"WebPage","@id":"https:\/\/feral.law\/en\/publications\/labsence-detancheite-du-reseau-de-distribution-selective-ne-permet-pas-au-tiers-de-sexempter-de-la-responsabilite-encourue-pour-revente-parallele\/","url":"https:\/\/feral.law\/en\/publications\/labsence-detancheite-du-reseau-de-distribution-selective-ne-permet-pas-au-tiers-de-sexempter-de-la-responsabilite-encourue-pour-revente-parallele\/","name":"Distribution s\u00e9lective : appr\u00e9ciation de la validit\u00e9 d\u2019un r\u00e9seau sur Internet","isPartOf":{"@id":"https:\/\/feral.law\/en\/#website"},"primaryImageOfPage":{"@id":"https:\/\/feral.law\/en\/publications\/labsence-detancheite-du-reseau-de-distribution-selective-ne-permet-pas-au-tiers-de-sexempter-de-la-responsabilite-encourue-pour-revente-parallele\/#primaryimage"},"image":{"@id":"https:\/\/feral.law\/en\/publications\/labsence-detancheite-du-reseau-de-distribution-selective-ne-permet-pas-au-tiers-de-sexempter-de-la-responsabilite-encourue-pour-revente-parallele\/#primaryimage"},"thumbnailUrl":"https:\/\/feral.law\/wp-content\/uploads\/2022\/12\/shutterstock_1749078512-scaled.jpg","datePublished":"2022-12-14T10:35:30+00:00","dateModified":"2023-02-17T14:31:46+00:00","description":"La revente parall\u00e8le sur Internet engage la responsabilit\u00e9 de son auteur quand bien m\u00eame le r\u00e9seau n\u2019est pas \u00e9tanche","breadcrumb":{"@id":"https:\/\/feral.law\/en\/publications\/labsence-detancheite-du-reseau-de-distribution-selective-ne-permet-pas-au-tiers-de-sexempter-de-la-responsabilite-encourue-pour-revente-parallele\/#breadcrumb"},"inLanguage":"en-US","potentialAction":[{"@type":"ReadAction","target":["https:\/\/feral.law\/en\/publications\/labsence-detancheite-du-reseau-de-distribution-selective-ne-permet-pas-au-tiers-de-sexempter-de-la-responsabilite-encourue-pour-revente-parallele\/"]}]},{"@type":"ImageObject","inLanguage":"en-US","@id":"https:\/\/feral.law\/en\/publications\/labsence-detancheite-du-reseau-de-distribution-selective-ne-permet-pas-au-tiers-de-sexempter-de-la-responsabilite-encourue-pour-revente-parallele\/#primaryimage","url":"https:\/\/feral.law\/wp-content\/uploads\/2022\/12\/shutterstock_1749078512-scaled.jpg","contentUrl":"https:\/\/feral.law\/wp-content\/uploads\/2022\/12\/shutterstock_1749078512-scaled.jpg","width":2560,"height":1281},{"@type":"BreadcrumbList","@id":"https:\/\/feral.law\/en\/publications\/labsence-detancheite-du-reseau-de-distribution-selective-ne-permet-pas-au-tiers-de-sexempter-de-la-responsabilite-encourue-pour-revente-parallele\/#breadcrumb","itemListElement":[{"@type":"ListItem","position":1,"name":"Accueil","item":"https:\/\/feral.law\/en\/"},{"@type":"ListItem","position":2,"name":"L&rsquo;absence d&rsquo;\u00e9tanch\u00e9it\u00e9 du r\u00e9seau de distribution s\u00e9lective ne permet pas au tiers de s&rsquo;exempter de la responsabilit\u00e9 encourue pour revente parall\u00e8le"}]},{"@type":"WebSite","@id":"https:\/\/feral.law\/en\/#website","url":"https:\/\/feral.law\/en\/","name":"F\u00e9ral","description":"Des avocats, des solutions, des r\u00e9sultats.","publisher":{"@id":"https:\/\/feral.law\/en\/#organization"},"potentialAction":[{"@type":"SearchAction","target":{"@type":"EntryPoint","urlTemplate":"https:\/\/feral.law\/en\/?s={search_term_string}"},"query-input":{"@type":"PropertyValueSpecification","valueRequired":true,"valueName":"search_term_string"}}],"inLanguage":"en-US"},{"@type":"Organization","@id":"https:\/\/feral.law\/en\/#organization","name":"F\u00e9ral","url":"https:\/\/feral.law\/en\/","logo":{"@type":"ImageObject","inLanguage":"en-US","@id":"https:\/\/feral.law\/en\/#\/schema\/logo\/image\/","url":"https:\/\/feral.law\/wp-content\/uploads\/2022\/01\/logo2.svg","contentUrl":"https:\/\/feral.law\/wp-content\/uploads\/2022\/01\/logo2.svg","width":192,"height":48,"caption":"F\u00e9ral"},"image":{"@id":"https:\/\/feral.law\/en\/#\/schema\/logo\/image\/"}}]}},"_links":{"self":[{"href":"https:\/\/feral.law\/en\/wp-json\/wp\/v2\/publication\/18236","targetHints":{"allow":["GET"]}}],"collection":[{"href":"https:\/\/feral.law\/en\/wp-json\/wp\/v2\/publication"}],"about":[{"href":"https:\/\/feral.law\/en\/wp-json\/wp\/v2\/types\/publication"}],"wp:featuredmedia":[{"embeddable":true,"href":"https:\/\/feral.law\/en\/wp-json\/wp\/v2\/media\/18237"}],"wp:attachment":[{"href":"https:\/\/feral.law\/en\/wp-json\/wp\/v2\/media?parent=18236"}],"wp:term":[{"taxonomy":"expertises2","embeddable":true,"href":"https:\/\/feral.law\/en\/wp-json\/wp\/v2\/expertises2?post=18236"}],"curies":[{"name":"wp","href":"https:\/\/api.w.org\/{rel}","templated":true}]}}